{"id":1702,"date":"2024-12-13T09:25:27","date_gmt":"2024-12-13T09:25:27","guid":{"rendered":"https:\/\/www.believeinyouth.eu\/?page_id=1702"},"modified":"2024-12-13T13:46:08","modified_gmt":"2024-12-13T13:46:08","slug":"partners_tr","status":"publish","type":"page","link":"https:\/\/www.believeinyouth.eu\/index.php\/tr\/partners_tr\/","title":{"rendered":"Ortak Kurumlar"},"content":{"rendered":"\t\t<div data-elementor-type=\"wp-page\" data-elementor-id=\"1702\" class=\"elementor elementor-1702\">\n\t\t\t\t\t\t<section class=\"elementor-section elementor-top-section elementor-element elementor-element-3b703998 elementor-section-boxed elementor-section-height-default elementor-section-height-default wpr-particle-no wpr-jarallax-no wpr-parallax-no wpr-sticky-section-no\" data-id=\"3b703998\" data-element_type=\"section\" data-settings=\"{&quot;background_background&quot;:&quot;classic&quot;}\">\n\t\t\t\t\t\t\t<div class=\"elementor-background-overlay\"><\/div>\n\t\t\t\t\t\t\t<div class=\"elementor-container elementor-column-gap-default\">\n\t\t\t\t\t<div class=\"elementor-column elementor-col-100 elementor-top-column elementor-element elementor-element-6357129\" data-id=\"6357129\" data-element_type=\"column\">\n\t\t\t<div class=\"elementor-widget-wrap elementor-element-populated\">\n\t\t\t\t\t\t\t<\/div>\n\t\t<\/div>\n\t\t\t\t\t<\/div>\n\t\t<\/section>\n\t\t\t\t<section class=\"elementor-section elementor-top-section elementor-element elementor-element-7a08f589 elementor-section-boxed elementor-section-height-default elementor-section-height-default wpr-particle-no wpr-jarallax-no wpr-parallax-no wpr-sticky-section-no\" data-id=\"7a08f589\" data-element_type=\"section\">\n\t\t\t\t\t\t<div class=\"elementor-container elementor-column-gap-default\">\n\t\t\t\t\t<div class=\"elementor-column elementor-col-100 elementor-top-column elementor-element elementor-element-30b44f58\" data-id=\"30b44f58\" data-element_type=\"column\">\n\t\t\t<div class=\"elementor-widget-wrap elementor-element-populated\">\n\t\t\t\t\t\t<div class=\"elementor-element elementor-element-376a0ce3 elementor-widget elementor-widget-heading\" data-id=\"376a0ce3\" data-element_type=\"widget\" data-widget_type=\"heading.default\">\n\t\t\t\t<div class=\"elementor-widget-container\">\n\t\t\t\t\t<h2 class=\"elementor-heading-title elementor-size-default\"> IRIPS<\/h2>\t\t\t\t<\/div>\n\t\t\t\t<\/div>\n\t\t\t\t<div class=\"elementor-element elementor-element-5c199c47 elementor-widget elementor-widget-text-editor\" data-id=\"5c199c47\" data-element_type=\"widget\" data-widget_type=\"text-editor.default\">\n\t\t\t\t<div class=\"elementor-widget-container\">\n\t\t\t\t\t\t\t\t\t<p>\u0130nsanlar\u0131 mesleki ve sosyal entegrasyon konular\u0131nda destekleyen, sivil kat\u0131l\u0131m\u0131n \u00f6nemini vurgulayan Institut Regional d&#8217;Insertion Professionnelle et Sociale kurumu geni\u015f bir yelpazede faaliyetler y\u00fcr\u00fctmektedir. Bu faaliyetler aras\u0131nda, istihdam edilebilirlik, sosyal ve k\u00fclt\u00fcrel e\u011fitim alanlar\u0131na odaklanan \u00e7e\u015fitli programlar bulunmaktad\u0131r. Ayr\u0131ca, stres y\u00f6netimi ve toplum sa\u011fl\u0131\u011f\u0131 gibi \u00f6nemli konularda bilin\u00e7lendirme \u00e7al\u0131\u015fmalar\u0131 ger\u00e7ekle\u015ftirerek toplumun genel refah\u0131na katk\u0131da bulunmaktad\u0131r. Kurum, genel anlamda \u00e7e\u015fitli konularda e\u011fitim ve kurs programlar\u0131 d\u00fczenleyerek bireylerin bilgi ve becerilerini art\u0131rmay\u0131 ama\u00e7lamaktad\u0131r. Bu kapsamda yeni geli\u015ftirilen e\u011fitim i\u00e7eriklerini pratik uygulama alan\u0131na ta\u015f\u0131yan pilot uygulamalar\u0131 \u00fczerinde de hizmet vermektedir. \u00d6\u011frencilerin dikkat eksikli\u011fi sorunlar\u0131yla ba\u015fa \u00e7\u0131kmay\u0131 hedefleyen \u00e7e\u015fitli projeleri koordine ederek akademik performanslar\u0131n\u0131 iyile\u015ftirmeye odaklanmaktad\u0131r. Kurum ayr\u0131ca \u00f6\u011fretmenlerin daha etkili ve \u00f6\u011frenci odakl\u0131 bir e\u011fitim sunmalar\u0131na olanak tan\u0131yan yenilik\u00e7i e\u011fitim ara\u00e7lar\u0131n\u0131n geli\u015ftirilmesine aktif olarak katk\u0131da bulunmaktad\u0131r.<\/p>\t\t\t\t\t\t\t\t<\/div>\n\t\t\t\t<\/div>\n\t\t\t\t<section class=\"elementor-section elementor-inner-section elementor-element elementor-element-13eb4628 elementor-section-boxed elementor-section-height-default elementor-section-height-default wpr-particle-no wpr-jarallax-no wpr-parallax-no wpr-sticky-section-no\" data-id=\"13eb4628\" data-element_type=\"section\">\n\t\t\t\t\t\t<div class=\"elementor-container elementor-column-gap-default\">\n\t\t\t\t\t<div class=\"elementor-column elementor-col-33 elementor-inner-column elementor-element elementor-element-40948986\" data-id=\"40948986\" data-element_type=\"column\">\n\t\t\t<div class=\"elementor-widget-wrap elementor-element-populated\">\n\t\t\t\t\t\t<div class=\"elementor-element elementor-element-d0d3007 elementor-widget elementor-widget-image\" data-id=\"d0d3007\" data-element_type=\"widget\" data-widget_type=\"image.default\">\n\t\t\t\t<div class=\"elementor-widget-container\">\n\t\t\t\t\t\t\t\t\t\t\t\t\t\t\t<img decoding=\"async\" width=\"300\" height=\"66\" src=\"https:\/\/www.believeinyouth.eu\/wp-content\/uploads\/2024\/12\/logo_IRIPS-300x66.png\" class=\"attachment-medium size-medium wp-image-1647\" alt=\"\" srcset=\"https:\/\/www.believeinyouth.eu\/wp-content\/uploads\/2024\/12\/logo_IRIPS-300x66.png 300w, https:\/\/www.believeinyouth.eu\/wp-content\/uploads\/2024\/12\/logo_IRIPS-1024x226.png 1024w, https:\/\/www.believeinyouth.eu\/wp-content\/uploads\/2024\/12\/logo_IRIPS-768x169.png 768w, https:\/\/www.believeinyouth.eu\/wp-content\/uploads\/2024\/12\/logo_IRIPS-1536x339.png 1536w, https:\/\/www.believeinyouth.eu\/wp-content\/uploads\/2024\/12\/logo_IRIPS.png 1996w\" sizes=\"(max-width: 300px) 100vw, 300px\" \/>\t\t\t\t\t\t\t\t\t\t\t\t\t\t\t<\/div>\n\t\t\t\t<\/div>\n\t\t\t\t\t<\/div>\n\t\t<\/div>\n\t\t\t\t<div class=\"elementor-column elementor-col-33 elementor-inner-column elementor-element elementor-element-35370ca3\" data-id=\"35370ca3\" data-element_type=\"column\">\n\t\t\t<div class=\"elementor-widget-wrap elementor-element-populated\">\n\t\t\t\t\t\t<div class=\"elementor-element elementor-element-995aa69 elementor-widget elementor-widget-wpr-team-member\" data-id=\"995aa69\" data-element_type=\"widget\" data-widget_type=\"wpr-team-member.default\">\n\t\t\t\t<div class=\"elementor-widget-container\">\n\t\t\t\t\t\n\t<div class=\"wpr-team-member\">\n\t\t\t\t\t\n\t\t\t<div class=\"wpr-member-media\">\n\t\t\t\t<div class=\"wpr-member-image\">\n\t\t\t\t\t<img decoding=\"async\" src=\"https:\/\/www.believeinyouth.eu\/wp-content\/uploads\/2024\/12\/Screenshot-2024-12-13-143238.png\" alt=\"Koralia Tsagkaratou\">\n\t\t\t\t<\/div>\n\t\t\t\t\t\t\t<\/div>\n\t\t\t\t\n\t\t\n\t\t<div class=\"wpr-member-content\">\n\t\t\t<h3 class=\"wpr-member-name\">Koralia Tsagkaratou<\/h3>\n\t\t\t\n\t\t\t\n\t\t\t\n\t\t\t\t\t\t\t<div class=\"wpr-member-description\">\u0130leti\u015fim alan\u0131nda akademik \u00e7al\u0131\u015fmalar\u0131 yapm\u0131\u015f, turizm ve medya sekt\u00f6rlerinde \u00e7al\u0131\u015fm\u0131\u015f, k\u00fclt\u00fcrel miras ve sosyal giri\u015fimcilik konular\u0131nda \u00e7e\u015fitli Erasmus projelerinde rol alm\u0131\u015ft\u0131r. \n<\/div>\n\t\t\t\t\t\t\n\t\t\t\t\t<\/div>\n\n\t\t\t<\/div>\n\n\t\t\t\t\t<\/div>\n\t\t\t\t<\/div>\n\t\t\t\t\t<\/div>\n\t\t<\/div>\n\t\t\t\t<div class=\"elementor-column elementor-col-33 elementor-inner-column elementor-element elementor-element-1467f2\" data-id=\"1467f2\" data-element_type=\"column\">\n\t\t\t<div class=\"elementor-widget-wrap\">\n\t\t\t\t\t\t\t<\/div>\n\t\t<\/div>\n\t\t\t\t\t<\/div>\n\t\t<\/section>\n\t\t\t\t\t<\/div>\n\t\t<\/div>\n\t\t\t\t\t<\/div>\n\t\t<\/section>\n\t\t<div class=\"elementor-element elementor-element-4c2b747 e-con-full e-flex wpr-particle-no wpr-jarallax-no wpr-parallax-no wpr-sticky-section-no e-con e-parent\" data-id=\"4c2b747\" data-element_type=\"container\">\n\t\t\t\t<div class=\"elementor-element elementor-element-033f750 elementor-widget-divider--view-line elementor-widget elementor-widget-divider\" data-id=\"033f750\" data-element_type=\"widget\" data-widget_type=\"divider.default\">\n\t\t\t\t<div class=\"elementor-widget-container\">\n\t\t\t\t\t\t\t<div class=\"elementor-divider\">\n\t\t\t<span class=\"elementor-divider-separator\">\n\t\t\t\t\t\t<\/span>\n\t\t<\/div>\n\t\t\t\t\t\t<\/div>\n\t\t\t\t<\/div>\n\t\t\t\t<\/div>\n\t\t\t\t<section class=\"elementor-section elementor-top-section elementor-element elementor-element-5d4150c elementor-section-boxed elementor-section-height-default elementor-section-height-default wpr-particle-no wpr-jarallax-no wpr-parallax-no wpr-sticky-section-no\" data-id=\"5d4150c\" data-element_type=\"section\">\n\t\t\t\t\t\t<div class=\"elementor-container elementor-column-gap-default\">\n\t\t\t\t\t<div class=\"elementor-column elementor-col-100 elementor-top-column elementor-element elementor-element-426380d\" data-id=\"426380d\" data-element_type=\"column\">\n\t\t\t<div class=\"elementor-widget-wrap elementor-element-populated\">\n\t\t\t\t\t\t<div class=\"elementor-element elementor-element-691668e elementor-widget elementor-widget-heading\" data-id=\"691668e\" data-element_type=\"widget\" data-widget_type=\"heading.default\">\n\t\t\t\t<div class=\"elementor-widget-container\">\n\t\t\t\t\t<h2 class=\"elementor-heading-title elementor-size-default\">Governorship of \u0130stanbul<\/h2>\t\t\t\t<\/div>\n\t\t\t\t<\/div>\n\t\t\t\t<div class=\"elementor-element elementor-element-2ef03c0 elementor-widget elementor-widget-text-editor\" data-id=\"2ef03c0\" data-element_type=\"widget\" data-widget_type=\"text-editor.default\">\n\t\t\t\t<div class=\"elementor-widget-container\">\n\t\t\t\t\t\t\t\t\t<p>\u0130stanbul Valili\u011fi, 16 milyonu a\u015fan n\u00fcfusa sahip \u0130stanbul\u2019un en y\u00fcksek idari kamu otoritesi olup \u00e7e\u015fitli alanlara y\u00f6nelik birimlerde \u00e7al\u0131\u015fan 2000\u2019den fazla personel ile hizmet vermektedir. \u0130stanbul Valili\u011fi&#8217;nin ba\u015fl\u0131ca g\u00f6revleri;<br \/>&#8211; \u0130stanbul\u2019un genel idaresini sa\u011flamak ve i\u015fleyi\u015ften sorumlu kurumlar\u0131 denetlemek.<br \/>&#8211; \u0130ldeki e\u011fitim, sa\u011fl\u0131k, g\u00fcvenlik, \u00e7evre, bay\u0131nd\u0131rl\u0131k, k\u00fclt\u00fcr, turizm, g\u00f6\u00e7 vb. t\u00fcm faaliyetleri koordine etmek.<br \/>&#8211; Merkezi y\u00f6netimden gelen y\u00f6netmelik, talimat ve gerekli d\u00fczenlemeleri uygulamak ve denetimini sa\u011flamak.<br \/>&#8211; \u0130ldeki t\u00fcm kurumlar\u0131 denetleyerek \u015fehir halk\u0131n\u0131n ihtiya\u00e7lar\u0131n\u0131n kar\u015f\u0131lanmas\u0131na y\u00f6nelik \u00e7al\u0131\u015fmalar\u0131 belirlemek ve y\u00fcr\u00fctmektir.<br \/>\u0130stanbul Valili\u011fi, il genelinde 39 Kaymakaml\u0131k ve 24 \u0130l M\u00fcd\u00fcrl\u00fc\u011f\u00fc ile faaliyetlerini s\u00fcrd\u00fcrmektedir.<br \/>&#8220;Valilik Makam\u0131n\u0131n 03.02.2005 tarih ve 217 say\u0131l\u0131 onay\u0131 ile kurulan D\u0131\u015f \u0130li\u015fkiler ve Avrupa Birli\u011fi Koordinasyon Merkezi, Eyl\u00fcl 2015 tarihinden itibaren Avrupa Birli\u011fi ve D\u0131\u015f \u0130li\u015fkiler B\u00fcrosu olarak faaliyetlerini s\u00fcrd\u00fcrmektedir. \u0130stanbul Valili\u011fi ad\u0131na Erasmus+ projelerini ger\u00e7ekle\u015ftiren Avrupa Birli\u011fi ve D\u0131\u015f \u0130li\u015fkiler B\u00fcrosu, \u00fclkemizin Avrupa Birli\u011fi kat\u0131l\u0131m s\u00fcrecinde \u0130stanbul genelinde;<br \/>\u2022 Gerekli alt yap\u0131n\u0131n olu\u015fturulmas\u0131<br \/>\u2022 Kent halk\u0131n\u0131n AB vatanda\u015fl\u0131\u011f\u0131na haz\u0131rlanmas\u0131<br \/>\u2022 AB \u00fcyesi \u00fclkeler i\u00e7in ba\u011flay\u0131c\u0131 nitelik ta\u015f\u0131yan m\u00fcktesebat\u0131n benimsetilmesi ve uygulanmas\u0131 konular\u0131nda i\u015f birli\u011fi, ileti\u015fim ve e\u015fg\u00fcd\u00fcm sa\u011flama amac\u0131na y\u00f6nelik \u00e7al\u0131\u015fmalar yapmaktad\u0131r.<br \/>Y\u00f6netim anlay\u0131\u015f\u0131 olarak yerel y\u00f6netimler, sivil toplum kurulu\u015flar\u0131, kamu kurum ve kurulu\u015flar\u0131, \u00f6zel sekt\u00f6r ve vatanda\u015f i\u015f birli\u011fine dayal\u0131 olarak bir toplumsal d\u00f6n\u00fc\u015f\u00fcm projesi olan AB&#8217;ye kat\u0131l\u0131m s\u00fcrecinde gerekli faaliyetleri planlama ve uygulama temel ilke olarak benimsenmi\u015ftir.<br \/>B\u00fcromuz taraf\u0131ndan ger\u00e7ekle\u015ftirilen projeler hakk\u0131nda bilgi almak i\u00e7in \u201cwww.abmerkez.com&#8221; web adresini ziyaret edebilirsiniz.<\/p>\t\t\t\t\t\t\t\t<\/div>\n\t\t\t\t<\/div>\n\t\t\t\t<section class=\"elementor-section elementor-inner-section elementor-element elementor-element-82c5c18 elementor-section-boxed elementor-section-height-default elementor-section-height-default wpr-particle-no wpr-jarallax-no wpr-parallax-no wpr-sticky-section-no\" data-id=\"82c5c18\" data-element_type=\"section\">\n\t\t\t\t\t\t<div class=\"elementor-container elementor-column-gap-default\">\n\t\t\t\t\t<div class=\"elementor-column elementor-col-33 elementor-inner-column elementor-element elementor-element-8d5e8a4\" data-id=\"8d5e8a4\" data-element_type=\"column\">\n\t\t\t<div class=\"elementor-widget-wrap elementor-element-populated\">\n\t\t\t\t\t\t<div class=\"elementor-element elementor-element-c64a553 elementor-widget elementor-widget-image\" data-id=\"c64a553\" data-element_type=\"widget\" data-widget_type=\"image.default\">\n\t\t\t\t<div class=\"elementor-widget-container\">\n\t\t\t\t\t\t\t\t\t\t\t\t\t\t\t<img decoding=\"async\" width=\"150\" height=\"150\" src=\"https:\/\/www.believeinyouth.eu\/wp-content\/uploads\/2024\/12\/Istanbul-Valiligi-Logo_-150x150.jpg\" class=\"attachment-thumbnail size-thumbnail wp-image-1652\" alt=\"\" \/>\t\t\t\t\t\t\t\t\t\t\t\t\t\t\t<\/div>\n\t\t\t\t<\/div>\n\t\t\t\t\t<\/div>\n\t\t<\/div>\n\t\t\t\t<div class=\"elementor-column elementor-col-33 elementor-inner-column elementor-element elementor-element-0c3fb68\" data-id=\"0c3fb68\" data-element_type=\"column\">\n\t\t\t<div class=\"elementor-widget-wrap elementor-element-populated\">\n\t\t\t\t\t\t<div class=\"elementor-element elementor-element-8246a49 elementor-widget elementor-widget-wpr-team-member\" data-id=\"8246a49\" data-element_type=\"widget\" data-widget_type=\"wpr-team-member.default\">\n\t\t\t\t<div class=\"elementor-widget-container\">\n\t\t\t\t\t\n\t<div class=\"wpr-team-member\">\n\t\t\t\t\t\n\t\t\t<div class=\"wpr-member-media\">\n\t\t\t\t<div class=\"wpr-member-image\">\n\t\t\t\t\t<img decoding=\"async\" src=\"https:\/\/www.believeinyouth.eu\/wp-content\/uploads\/2024\/12\/kadir.png\" alt=\"Kadir Fatih MUTLU \">\n\t\t\t\t<\/div>\n\t\t\t\t\t\t\t<\/div>\n\t\t\t\t\n\t\t\n\t\t<div class=\"wpr-member-content\">\n\t\t\t<h3 class=\"wpr-member-name\">Kadir Fatih MUTLU <\/h3>\n\t\t\t\n\t\t\t\n\t\t\t\n\t\t\t\t\t\t\t<div class=\"wpr-member-description\">Avrupa Birli\u011fi ve D\u0131\u015f \u0130li\u015fkiler B\u00fcrosu Koordinat\u00f6r\u00fc olan Kadir Fatih MUTLU, E\u011fitim Y\u00f6netimi alan\u0131nda y\u00fcksek lisans derecesine sahip olup 2008 y\u0131l\u0131ndan bu yana AB taraf\u0131ndan finanse edilen projelerde g\u00f6rev alm\u0131\u015ft\u0131r. Proje Y\u00f6netim D\u00f6ng\u00fcs\u00fc alan\u0131nda \u00e7ok say\u0131da faaliyette e\u011fitici e\u011fitmeni olarak g\u00f6rev alm\u0131\u015f, 100\u2019den fazla Avrupa Birli\u011fi ve \u0130stanbul Kalk\u0131nma Ajans\u0131 projesinde ara\u015ft\u0131rma, koordinasyon ve y\u00f6netim faaliyetlerinde bulunmu\u015ftur. <\/div>\n\t\t\t\t\t\t\n\t\t\t\t\t<\/div>\n\n\t\t\t<\/div>\n\n\t\t\t\t\t<\/div>\n\t\t\t\t<\/div>\n\t\t\t\t\t<\/div>\n\t\t<\/div>\n\t\t\t\t<div class=\"elementor-column elementor-col-33 elementor-inner-column elementor-element elementor-element-2bbc2f4\" data-id=\"2bbc2f4\" data-element_type=\"column\">\n\t\t\t<div class=\"elementor-widget-wrap elementor-element-populated\">\n\t\t\t\t\t\t<div class=\"elementor-element elementor-element-381edf2 elementor-widget elementor-widget-wpr-team-member\" data-id=\"381edf2\" data-element_type=\"widget\" data-widget_type=\"wpr-team-member.default\">\n\t\t\t\t<div class=\"elementor-widget-container\">\n\t\t\t\t\t\n\t<div class=\"wpr-team-member\">\n\t\t\t\t\t\n\t\t\t<div class=\"wpr-member-media\">\n\t\t\t\t<div class=\"wpr-member-image\">\n\t\t\t\t\t<img decoding=\"async\" src=\"https:\/\/www.believeinyouth.eu\/wp-content\/uploads\/2024\/12\/ahmet.png\" alt=\"Ahmet Bahad\u0131r SIR\u0130\u015e\">\n\t\t\t\t<\/div>\n\t\t\t\t\t\t\t<\/div>\n\t\t\t\t\n\t\t\n\t\t<div class=\"wpr-member-content\">\n\t\t\t<h3 class=\"wpr-member-name\">Ahmet Bahad\u0131r SIR\u0130\u015e<\/h3>\n\t\t\t\n\t\t\t\n\t\t\t\n\t\t\t\t\t\t\t<div class=\"wpr-member-description\">Fen Bilimleri \u00d6\u011fretmeni olup ayn\u0131 alanda doktora \u00e7al\u0131\u015fmalar\u0131na devam etmektedir. Ortaokul kademelerinde \u00e7e\u015fitli devlet okullar\u0131nda \u00f6\u011fretmen olarak \u00e7al\u0131\u015ft\u0131ktan sonra 2021 y\u0131l\u0131ndan bu yana Avrupa Birli\u011fi ve D\u0131\u015f \u0130li\u015fkiler B\u00fcrosu\u2019nda Proje Uzman\u0131 olarak \u00e7al\u0131\u015fmaktad\u0131r. Ge\u00e7mi\u015fte \u00e7e\u015fitli kamu kurumlar\u0131nda ortaokul ve lise \u00f6\u011frencilerine kariyer rehberli\u011fi alan\u0131nda hizmet vermi\u015f olup, gen\u00e7lik ve mesleki e\u011fitim alan\u0131nda \u00e7ok say\u0131da Avrupa Birli\u011fi projesinde g\u00f6rev alm\u0131\u015ft\u0131r. <\/div>\n\t\t\t\t\t\t\n\t\t\t\t\t<\/div>\n\n\t\t\t<\/div>\n\n\t\t\t\t\t<\/div>\n\t\t\t\t<\/div>\n\t\t\t\t\t<\/div>\n\t\t<\/div>\n\t\t\t\t\t<\/div>\n\t\t<\/section>\n\t\t\t\t\t<\/div>\n\t\t<\/div>\n\t\t\t\t\t<\/div>\n\t\t<\/section>\n\t\t<div class=\"elementor-element elementor-element-49dadfa e-con-full e-flex wpr-particle-no wpr-jarallax-no wpr-parallax-no wpr-sticky-section-no e-con e-parent\" data-id=\"49dadfa\" data-element_type=\"container\">\n\t\t\t\t<div class=\"elementor-element elementor-element-8161b2e elementor-widget-divider--view-line elementor-widget elementor-widget-divider\" data-id=\"8161b2e\" data-element_type=\"widget\" data-widget_type=\"divider.default\">\n\t\t\t\t<div class=\"elementor-widget-container\">\n\t\t\t\t\t\t\t<div class=\"elementor-divider\">\n\t\t\t<span class=\"elementor-divider-separator\">\n\t\t\t\t\t\t<\/span>\n\t\t<\/div>\n\t\t\t\t\t\t<\/div>\n\t\t\t\t<\/div>\n\t\t\t\t<\/div>\n\t\t\t\t<section class=\"elementor-section elementor-top-section elementor-element elementor-element-4ddff31 elementor-section-boxed elementor-section-height-default elementor-section-height-default wpr-particle-no wpr-jarallax-no wpr-parallax-no wpr-sticky-section-no\" data-id=\"4ddff31\" data-element_type=\"section\">\n\t\t\t\t\t\t<div class=\"elementor-container elementor-column-gap-default\">\n\t\t\t\t\t<div class=\"elementor-column elementor-col-100 elementor-top-column elementor-element elementor-element-6084c1a\" data-id=\"6084c1a\" data-element_type=\"column\">\n\t\t\t<div class=\"elementor-widget-wrap elementor-element-populated\">\n\t\t\t\t\t\t<div class=\"elementor-element elementor-element-85cf595 elementor-widget elementor-widget-heading\" data-id=\"85cf595\" data-element_type=\"widget\" data-widget_type=\"heading.default\">\n\t\t\t\t<div class=\"elementor-widget-container\">\n\t\t\t\t\t<h2 class=\"elementor-heading-title elementor-size-default\">Youth for Equality<\/h2>\t\t\t\t<\/div>\n\t\t\t\t<\/div>\n\t\t\t\t<div class=\"elementor-element elementor-element-cb73be5 elementor-widget elementor-widget-text-editor\" data-id=\"cb73be5\" data-element_type=\"widget\" data-widget_type=\"text-editor.default\">\n\t\t\t\t<div class=\"elementor-widget-container\">\n\t\t\t\t\t\t\t\t\t<p>Youth for Equality (E\u015fitlik i\u00e7in Gen\u00e7lik) kurumu Slovakya&#8217;da yerel bir gen\u00e7lik giri\u015fimi olarak kurulmu\u015f olup e\u011fitim, i\u015fg\u00fcc\u00fc piyasas\u0131, \u00e7evre, ki\u015fisel geli\u015fim i\u00e7in gen\u00e7lerin sivil kat\u0131l\u0131m\u0131 ve gen\u00e7lerin i\u015f hayat\u0131na entegrasyonu gibi alanlarda yerel ve uluslararas\u0131 d\u00fczeyde \u00e7e\u015fitli faaliyetler y\u00fcr\u00fctmektedir. Gen\u00e7lerin bilgi ve becerilerini geli\u015ftirmelerine, yerel ve uluslararas\u0131 d\u00fczeyde yararl\u0131 e\u011fitim ve kariyer f\u0131rsatlar\u0131n\u0131 ke\u015ffetmelerine yard\u0131mc\u0131 olmak amac\u0131yla hizmetler sunan kurum, ayn\u0131 zamanda \u00e7e\u015fitli e\u011fitim faaliyetleri sunmakta olup b\u00fcnyesinde farkl\u0131 uzmanl\u0131klara sahip proje uzmanlar\u0131 bar\u0131nd\u0131rmaktad\u0131r. M\u00fcnazaralar, beyin f\u0131rt\u0131nalar\u0131 gibi \u00e7e\u015fitli \u00f6\u011fretim y\u00f6ntemleriyle sosyal becerilerin kazan\u0131lmas\u0131na y\u00f6nelik programlar d\u00fczenleyen kurumda motivasyon, yarat\u0131c\u0131l\u0131k, tak\u0131m \u00e7al\u0131\u015fmas\u0131, liderlik gibi alanlarda da \u00e7al\u0131\u015ftaylar d\u00fczenlenmektedir. Kurum ayn\u0131 zamanda i\u015fg\u00fcc\u00fc piyasas\u0131ndaki yeni y\u00f6nelimler, s\u00fcrd\u00fcr\u00fclebilirlik ve ye\u015fil beceriler konular\u0131nda da \u00e7al\u0131\u015fmalar y\u00fcr\u00fctmektedir.<\/p>\t\t\t\t\t\t\t\t<\/div>\n\t\t\t\t<\/div>\n\t\t\t\t<section class=\"elementor-section elementor-inner-section elementor-element elementor-element-1ea906a elementor-section-boxed elementor-section-height-default elementor-section-height-default wpr-particle-no wpr-jarallax-no wpr-parallax-no wpr-sticky-section-no\" data-id=\"1ea906a\" data-element_type=\"section\">\n\t\t\t\t\t\t<div class=\"elementor-container elementor-column-gap-default\">\n\t\t\t\t\t<div class=\"elementor-column elementor-col-33 elementor-inner-column elementor-element elementor-element-1418e58\" data-id=\"1418e58\" data-element_type=\"column\">\n\t\t\t<div class=\"elementor-widget-wrap elementor-element-populated\">\n\t\t\t\t\t\t<div class=\"elementor-element elementor-element-2c1d05f elementor-widget elementor-widget-image\" data-id=\"2c1d05f\" data-element_type=\"widget\" data-widget_type=\"image.default\">\n\t\t\t\t<div class=\"elementor-widget-container\">\n\t\t\t\t\t\t\t\t\t\t\t\t\t\t\t<img fetchpriority=\"high\" decoding=\"async\" width=\"960\" height=\"960\" src=\"https:\/\/www.believeinyouth.eu\/wp-content\/uploads\/2024\/12\/YfE_logo2021_s-textom-4-1024x1024.png\" class=\"attachment-large size-large wp-image-1656\" alt=\"\" srcset=\"https:\/\/www.believeinyouth.eu\/wp-content\/uploads\/2024\/12\/YfE_logo2021_s-textom-4-1024x1024.png 1024w, https:\/\/www.believeinyouth.eu\/wp-content\/uploads\/2024\/12\/YfE_logo2021_s-textom-4-300x300.png 300w, https:\/\/www.believeinyouth.eu\/wp-content\/uploads\/2024\/12\/YfE_logo2021_s-textom-4-150x150.png 150w, https:\/\/www.believeinyouth.eu\/wp-content\/uploads\/2024\/12\/YfE_logo2021_s-textom-4-768x768.png 768w, https:\/\/www.believeinyouth.eu\/wp-content\/uploads\/2024\/12\/YfE_logo2021_s-textom-4-1536x1536.png 1536w, https:\/\/www.believeinyouth.eu\/wp-content\/uploads\/2024\/12\/YfE_logo2021_s-textom-4-2048x2048.png 2048w\" sizes=\"(max-width: 960px) 100vw, 960px\" \/>\t\t\t\t\t\t\t\t\t\t\t\t\t\t\t<\/div>\n\t\t\t\t<\/div>\n\t\t\t\t\t<\/div>\n\t\t<\/div>\n\t\t\t\t<div class=\"elementor-column elementor-col-33 elementor-inner-column elementor-element elementor-element-402270b\" data-id=\"402270b\" data-element_type=\"column\">\n\t\t\t<div class=\"elementor-widget-wrap elementor-element-populated\">\n\t\t\t\t\t\t<div class=\"elementor-element elementor-element-23b30ed elementor-widget elementor-widget-wpr-team-member\" data-id=\"23b30ed\" data-element_type=\"widget\" data-widget_type=\"wpr-team-member.default\">\n\t\t\t\t<div class=\"elementor-widget-container\">\n\t\t\t\t\t\n\t<div class=\"wpr-team-member\">\n\t\t\t\t\t\n\t\t\t<div class=\"wpr-member-media\">\n\t\t\t\t<div class=\"wpr-member-image\">\n\t\t\t\t\t<img decoding=\"async\" src=\"https:\/\/www.believeinyouth.eu\/wp-content\/uploads\/2024\/12\/hakan.jpeg\" alt=\"Hakan Oguz\">\n\t\t\t\t<\/div>\n\t\t\t\t\t\t\t<\/div>\n\t\t\t\t\n\t\t\n\t\t<div class=\"wpr-member-content\">\n\t\t\t<h3 class=\"wpr-member-name\">Hakan Oguz<\/h3>\n\t\t\t\n\t\t\t\n\t\t\t\n\t\t\t\t\t\t\t<div class=\"wpr-member-description\">Adana \u00c7ukurova \u00dcniversitesi'nden Bilgisayar M\u00fchendisi olarak mezun olduktan sonra iki y\u0131l boyunca sa\u011fl\u0131k alan\u0131nda Erasmus+ proje koordinat\u00f6r\u00fc olarak \u00e7al\u0131\u015fm\u0131\u015ft\u0131r. Proje y\u00f6netim ve denetim faaliyetleri, proje yaz\u0131m\u0131 ve raporlamas\u0131 konusunda \u00e7e\u015fitli g\u00f6revler alm\u0131\u015f olup \u015fu anda gen\u00e7lere e\u011fitim ve giri\u015fimcilik konular\u0131nda mentorluk yapmaktad\u0131r. Ye\u015fil beceriler, giri\u015fimcilik ve sosyal i\u00e7erme konular\u0131 uzmanl\u0131k alanlar\u0131 aras\u0131ndad\u0131r. <\/div>\n\t\t\t\t\t\t\n\t\t\t\t\t<\/div>\n\n\t\t\t<\/div>\n\n\t\t\t\t\t<\/div>\n\t\t\t\t<\/div>\n\t\t\t\t\t<\/div>\n\t\t<\/div>\n\t\t\t\t<div class=\"elementor-column elementor-col-33 elementor-inner-column elementor-element elementor-element-1396c4e\" data-id=\"1396c4e\" data-element_type=\"column\">\n\t\t\t<div class=\"elementor-widget-wrap elementor-element-populated\">\n\t\t\t\t\t\t<div class=\"elementor-element elementor-element-d897c7d elementor-widget elementor-widget-wpr-team-member\" data-id=\"d897c7d\" data-element_type=\"widget\" data-widget_type=\"wpr-team-member.default\">\n\t\t\t\t<div class=\"elementor-widget-container\">\n\t\t\t\t\t\n\t<div class=\"wpr-team-member\">\n\t\t\t\t\t\n\t\t\t<div class=\"wpr-member-media\">\n\t\t\t\t<div class=\"wpr-member-image\">\n\t\t\t\t\t<img decoding=\"async\" src=\"https:\/\/www.believeinyouth.eu\/wp-content\/uploads\/2024\/12\/diana-scaled.jpeg\" alt=\"Diana Ja\u0161ekov\u00e1\">\n\t\t\t\t<\/div>\n\t\t\t\t\t\t\t<\/div>\n\t\t\t\t\n\t\t\n\t\t<div class=\"wpr-member-content\">\n\t\t\t<h3 class=\"wpr-member-name\">Diana Ja\u0161ekov\u00e1<\/h3>\n\t\t\t\n\t\t\t\n\t\t\t\n\t\t\t\t\t\t\t<div class=\"wpr-member-description\">Hukuk alan\u0131nda doktora derecesine sahip olup Uluslararas\u0131 Hukuk, Avrupa Hukuku, Kriminoloji ve gen\u00e7 bireylerin dahil oldu\u011fu su\u00e7lar \u00fczerine \u00e7al\u0131\u015fmalar yapm\u0131\u015ft\u0131r. Son zamanlarda proje y\u00f6netimi alan\u0131nda \u00e7al\u0131\u015fmakta olup kurum b\u00fcnyesinde istihdam, liderlik becerilerinin geli\u015ftirilmesi gibi konularda at\u00f6lye \u00e7al\u0131\u015fmalar\u0131 d\u00fczenlemektedir.<\/div>\n\t\t\t\t\t\t\n\t\t\t\t\t<\/div>\n\n\t\t\t<\/div>\n\n\t\t\t\t\t<\/div>\n\t\t\t\t<\/div>\n\t\t\t\t\t<\/div>\n\t\t<\/div>\n\t\t\t\t\t<\/div>\n\t\t<\/section>\n\t\t\t\t\t<\/div>\n\t\t<\/div>\n\t\t\t\t\t<\/div>\n\t\t<\/section>\n\t\t<div class=\"elementor-element elementor-element-6e7cd6f e-con-full e-flex wpr-particle-no wpr-jarallax-no wpr-parallax-no wpr-sticky-section-no e-con e-parent\" data-id=\"6e7cd6f\" data-element_type=\"container\">\n\t\t\t\t<div class=\"elementor-element elementor-element-aad4de8 elementor-widget-divider--view-line elementor-widget elementor-widget-divider\" data-id=\"aad4de8\" data-element_type=\"widget\" data-widget_type=\"divider.default\">\n\t\t\t\t<div class=\"elementor-widget-container\">\n\t\t\t\t\t\t\t<div class=\"elementor-divider\">\n\t\t\t<span class=\"elementor-divider-separator\">\n\t\t\t\t\t\t<\/span>\n\t\t<\/div>\n\t\t\t\t\t\t<\/div>\n\t\t\t\t<\/div>\n\t\t\t\t<\/div>\n\t\t\t\t<section class=\"elementor-section elementor-top-section elementor-element elementor-element-d76326b elementor-section-boxed elementor-section-height-default elementor-section-height-default wpr-particle-no wpr-jarallax-no wpr-parallax-no wpr-sticky-section-no\" data-id=\"d76326b\" data-element_type=\"section\">\n\t\t\t\t\t\t<div class=\"elementor-container elementor-column-gap-default\">\n\t\t\t\t\t<div class=\"elementor-column elementor-col-100 elementor-top-column elementor-element elementor-element-ab278c5\" data-id=\"ab278c5\" data-element_type=\"column\">\n\t\t\t<div class=\"elementor-widget-wrap elementor-element-populated\">\n\t\t\t\t\t\t<div class=\"elementor-element elementor-element-1a1d92c elementor-widget elementor-widget-heading\" data-id=\"1a1d92c\" data-element_type=\"widget\" data-widget_type=\"heading.default\">\n\t\t\t\t<div class=\"elementor-widget-container\">\n\t\t\t\t\t<h2 class=\"elementor-heading-title elementor-size-default\">INFODEF<\/h2>\t\t\t\t<\/div>\n\t\t\t\t<\/div>\n\t\t\t\t<div class=\"elementor-element elementor-element-52e5b9c elementor-widget elementor-widget-text-editor\" data-id=\"52e5b9c\" data-element_type=\"widget\" data-widget_type=\"text-editor.default\">\n\t\t\t\t<div class=\"elementor-widget-container\">\n\t\t\t\t\t\t\t\t\t<p>\u00d6zel, ba\u011f\u0131ms\u0131z bir ara\u015ft\u0131rma, geli\u015ftirme ve yenilik merkezi olan INFODEF&#8217;in (Instituto para la Promoci\u00f3n del Desarrollo y la Formaci\u00f3n (Geli\u015fim ve E\u011fitimi Destekleme Enstit\u00fcs\u00fc) misyonu \u201ce\u011fitim, k\u00fclt\u00fcr ve yenilik yoluyla s\u00fcrd\u00fcr\u00fclebilir, kapsay\u0131c\u0131 kalk\u0131nmaya katk\u0131da bulunacak projeler geli\u015ftirmek ve uygulamakt\u0131r\u201d. Merkez, mevcut sosyal ve ekonomik sorunlara yan\u0131t veren, toplumun gelecekteki ama\u00e7 ve hedeflerine ula\u015fmas\u0131 i\u00e7in gerekli de\u011fi\u015fiklikleri \u00f6ng\u00f6rmeye ve y\u00f6nlendirmeye olanak tan\u0131yan yenilik\u00e7i ara\u00e7lar, metodolojiler, \u00fcr\u00fcnler ve hizmetler tasarlay\u0131p geli\u015ftirmektedir. INFODEF, e\u011fitim sistemlerinin \u00e7a\u011fda\u015fla\u015ft\u0131r\u0131lmas\u0131n\u0131 ve ulusal ile Avrupa d\u00fczeyindeki kamu ve \u00f6zel e\u011fitim kurumlar\u0131n\u0131n e\u011fitsel yenili\u011fini desteklemektedir.<br \/>INFODEF&#8217;in \u00f6ne \u00e7\u0131kan uzmanl\u0131k alanlar\u0131 aras\u0131nda gen\u00e7ler, g\u00f6\u00e7menler, d\u00fc\u015f\u00fck becerili yeti\u015fkinler, engelliler, yasal su\u00e7lular gibi belirli hedef gruplarla \u00e7al\u0131\u015fan profesyonellerin \u00e7abalar\u0131n\u0131 desteklemek amac\u0131yla yenilik\u00e7i metodolojilerin ve ara\u00e7lar\u0131n tasarlanmas\u0131d\u0131r.<\/p>\t\t\t\t\t\t\t\t<\/div>\n\t\t\t\t<\/div>\n\t\t\t\t<section class=\"elementor-section elementor-inner-section elementor-element elementor-element-e7e5d95 elementor-section-boxed elementor-section-height-default elementor-section-height-default wpr-particle-no wpr-jarallax-no wpr-parallax-no wpr-sticky-section-no\" data-id=\"e7e5d95\" data-element_type=\"section\">\n\t\t\t\t\t\t<div class=\"elementor-container elementor-column-gap-default\">\n\t\t\t\t\t<div class=\"elementor-column elementor-col-33 elementor-inner-column elementor-element elementor-element-c763e0e\" data-id=\"c763e0e\" data-element_type=\"column\">\n\t\t\t<div class=\"elementor-widget-wrap elementor-element-populated\">\n\t\t\t\t\t\t<div class=\"elementor-element elementor-element-ec04a9e elementor-widget elementor-widget-image\" data-id=\"ec04a9e\" data-element_type=\"widget\" data-widget_type=\"image.default\">\n\t\t\t\t<div class=\"elementor-widget-container\">\n\t\t\t\t\t\t\t\t\t\t\t\t\t\t\t<img loading=\"lazy\" decoding=\"async\" width=\"531\" height=\"219\" src=\"https:\/\/www.believeinyouth.eu\/wp-content\/uploads\/2024\/12\/logo-INFODEF.jpg\" class=\"attachment-large size-large wp-image-1657\" alt=\"\" srcset=\"https:\/\/www.believeinyouth.eu\/wp-content\/uploads\/2024\/12\/logo-INFODEF.jpg 531w, https:\/\/www.believeinyouth.eu\/wp-content\/uploads\/2024\/12\/logo-INFODEF-300x124.jpg 300w\" sizes=\"(max-width: 531px) 100vw, 531px\" \/>\t\t\t\t\t\t\t\t\t\t\t\t\t\t\t<\/div>\n\t\t\t\t<\/div>\n\t\t\t\t\t<\/div>\n\t\t<\/div>\n\t\t\t\t<div class=\"elementor-column elementor-col-33 elementor-inner-column elementor-element elementor-element-afb89bb\" data-id=\"afb89bb\" data-element_type=\"column\">\n\t\t\t<div class=\"elementor-widget-wrap elementor-element-populated\">\n\t\t\t\t\t\t<div class=\"elementor-element elementor-element-2210147 elementor-widget elementor-widget-wpr-team-member\" data-id=\"2210147\" data-element_type=\"widget\" data-widget_type=\"wpr-team-member.default\">\n\t\t\t\t<div class=\"elementor-widget-container\">\n\t\t\t\t\t\n\t<div class=\"wpr-team-member\">\n\t\t\t\t\t\n\t\t\t<div class=\"wpr-member-media\">\n\t\t\t\t<div class=\"wpr-member-image\">\n\t\t\t\t\t<img decoding=\"async\" src=\"https:\/\/www.believeinyouth.eu\/wp-content\/uploads\/2024\/12\/BelieveInYOUth_Pic-Laura.jpg\" alt=\"Laura Trevisan\">\n\t\t\t\t<\/div>\n\t\t\t\t\t\t\t<\/div>\n\t\t\t\t\n\t\t\n\t\t<div class=\"wpr-member-content\">\n\t\t\t<h3 class=\"wpr-member-name\">Laura Trevisan<\/h3>\n\t\t\t\n\t\t\t\n\t\t\t\n\t\t\t\t\t\t\t<div class=\"wpr-member-description\">\u00c7evre Bilimcisi olarak \u0130spanya ve \u0130talya'da koruma alt\u0131ndaki alanlar\u0131n y\u00f6netiminde \u00e7al\u0131\u015ft\u0131. \u015eu anda tar\u0131msal ekosistemlerin s\u00fcrd\u00fcr\u00fclebilirli\u011finin iyile\u015ftirilmesine y\u00f6nelik dan\u0131\u015fmanl\u0131k yapmaktad\u0131r. 2017 y\u0131l\u0131ndan bu yana AB taraf\u0131ndan finanse edilen projelerde koordinasyon ve y\u00f6netim faaliyetlerinde \u00e7al\u0131\u015fmaktad\u0131r.<\/div>\n\t\t\t\t\t\t\n\t\t\t\t\t<\/div>\n\n\t\t\t<\/div>\n\n\t\t\t\t\t<\/div>\n\t\t\t\t<\/div>\n\t\t\t\t\t<\/div>\n\t\t<\/div>\n\t\t\t\t<div class=\"elementor-column elementor-col-33 elementor-inner-column elementor-element elementor-element-fb554ee\" data-id=\"fb554ee\" data-element_type=\"column\">\n\t\t\t<div class=\"elementor-widget-wrap elementor-element-populated\">\n\t\t\t\t\t\t<div class=\"elementor-element elementor-element-1dba718 elementor-widget elementor-widget-wpr-team-member\" data-id=\"1dba718\" data-element_type=\"widget\" data-widget_type=\"wpr-team-member.default\">\n\t\t\t\t<div class=\"elementor-widget-container\">\n\t\t\t\t\t\n\t<div class=\"wpr-team-member\">\n\t\t\t\t\t\n\t\t\t<div class=\"wpr-member-media\">\n\t\t\t\t<div class=\"wpr-member-image\">\n\t\t\t\t\t<img decoding=\"async\" src=\"https:\/\/www.believeinyouth.eu\/wp-content\/uploads\/2024\/12\/BelieveInYOUth_Pic-Beatriz.jpeg\" alt=\"Beatriz Burgue\u00f1o\">\n\t\t\t\t<\/div>\n\t\t\t\t\t\t\t<\/div>\n\t\t\t\t\n\t\t\n\t\t<div class=\"wpr-member-content\">\n\t\t\t<h3 class=\"wpr-member-name\">Beatriz Burgue\u00f1o<\/h3>\n\t\t\t\n\t\t\t\n\t\t\t\n\t\t\t\t\t\t\t<div class=\"wpr-member-description\">Belediyelere hizmet ve \u00fcr\u00fcn temin eden bir ofiste mimarl\u0131k, \u015fehir planlamas\u0131 ve s\u00fcrd\u00fcr\u00fclebilirlik gibi alanlarda \u00e7al\u0131\u015fmaktad\u0131r. AB taraf\u0131ndan finanse edilen projelerde grafik tasar\u0131m, sosyal medya y\u00f6netimi ve finansal raporlama konular\u0131nda rol almaktad\u0131r. \n<\/div>\n\t\t\t\t\t\t\n\t\t\t\t\t<\/div>\n\n\t\t\t<\/div>\n\n\t\t\t\t\t<\/div>\n\t\t\t\t<\/div>\n\t\t\t\t\t<\/div>\n\t\t<\/div>\n\t\t\t\t\t<\/div>\n\t\t<\/section>\n\t\t\t\t\t<\/div>\n\t\t<\/div>\n\t\t\t\t\t<\/div>\n\t\t<\/section>\n\t\t<div class=\"elementor-element elementor-element-0458b20 e-con-full e-flex wpr-particle-no wpr-jarallax-no wpr-parallax-no wpr-sticky-section-no e-con e-parent\" data-id=\"0458b20\" data-element_type=\"container\">\n\t\t\t\t<div class=\"elementor-element elementor-element-33d85e7 elementor-widget-divider--view-line elementor-widget elementor-widget-divider\" data-id=\"33d85e7\" data-element_type=\"widget\" data-widget_type=\"divider.default\">\n\t\t\t\t<div class=\"elementor-widget-container\">\n\t\t\t\t\t\t\t<div class=\"elementor-divider\">\n\t\t\t<span class=\"elementor-divider-separator\">\n\t\t\t\t\t\t<\/span>\n\t\t<\/div>\n\t\t\t\t\t\t<\/div>\n\t\t\t\t<\/div>\n\t\t\t\t<\/div>\n\t\t\t\t<section class=\"elementor-section elementor-top-section elementor-element elementor-element-d03b7f3 elementor-section-boxed elementor-section-height-default elementor-section-height-default wpr-particle-no wpr-jarallax-no wpr-parallax-no wpr-sticky-section-no\" data-id=\"d03b7f3\" data-element_type=\"section\">\n\t\t\t\t\t\t<div class=\"elementor-container elementor-column-gap-default\">\n\t\t\t\t\t<div class=\"elementor-column elementor-col-100 elementor-top-column elementor-element elementor-element-be69dc7\" data-id=\"be69dc7\" data-element_type=\"column\">\n\t\t\t<div class=\"elementor-widget-wrap elementor-element-populated\">\n\t\t\t\t\t\t<div class=\"elementor-element elementor-element-2ca9348 elementor-widget elementor-widget-heading\" data-id=\"2ca9348\" data-element_type=\"widget\" data-widget_type=\"heading.default\">\n\t\t\t\t<div class=\"elementor-widget-container\">\n\t\t\t\t\t<h2 class=\"elementor-heading-title elementor-size-default\">IASIS<\/h2>\t\t\t\t<\/div>\n\t\t\t\t<\/div>\n\t\t\t\t<div class=\"elementor-element elementor-element-353fe74 elementor-widget elementor-widget-text-editor\" data-id=\"353fe74\" data-element_type=\"widget\" data-widget_type=\"text-editor.default\">\n\t\t\t\t<div class=\"elementor-widget-container\">\n\t\t\t\t\t\t\t\t\t<p>IASIS kurumu, sosyal i\u00e7erme, ruh sa\u011fl\u0131\u011f\u0131 ve e\u011fitim alanlar\u0131nda faaliyet g\u00f6stermektedir. Yunanistan&#8217;da bulunan bu kurum, k\u00e2r amac\u0131 g\u00fctmemekte olup g\u00f6n\u00fcll\u00fc olarak hizmet veren sivil toplum kurulu\u015flar\u0131 aras\u0131nda \u00f6nemli bir konumda yer almaktad\u0131r. Avrupa Dayan\u0131\u015fma Te\u015fkilat\u0131 taraf\u0131ndan Gen\u00e7lik ve Hayat Boyu \u00d6\u011frenme Vakf\u0131 ve Mesleki E\u011fitim ve \u00d6\u011fretim Merkezi olarak sertifikaland\u0131r\u0131lan IASIS, toplumun her kesimine y\u00f6nelik e\u011fitim \u00e7al\u0131\u015fmalar\u0131 d\u00fczenlemekte ve s\u00fcrd\u00fcr\u00fclebilir kapsay\u0131c\u0131 kalk\u0131nmaya katk\u0131da bulunmaktad\u0131r. Kurum, 2005 y\u0131l\u0131nda kurulmu\u015f olup engeli olan bireylere psiko-sosyal destek sa\u011flama, dezavantajl\u0131 bireylere e\u011fitim hizmetleri sunma, toplumun her alan\u0131nda f\u0131rsat e\u015fitli\u011fi yaratma ve e\u011fitimde yeni bak\u0131\u015f a\u00e7\u0131lar\u0131 geli\u015ftirme amac\u0131yla faaliyet g\u00f6stermektedir. Bu hedefler do\u011frultusunda, IASIS, projeleri ve etkinlikleriyle toplumsal d\u0131\u015flanma ile m\u00fccadele ederek, bireylerin ya\u015famlar\u0131na olumlu katk\u0131larda bulunmaya odaklanmaktad\u0131r. Kurum, Yunanistan genelinde yayg\u0131n bir etki sa\u011flamak ve toplumun genel refah\u0131na katk\u0131da bulunmak ad\u0131na \u00e7e\u015fitli alanlarda \u00e7e\u015fitli e\u011fitim programlar\u0131 ve sosyal i\u00e7erme projeleri d\u00fczenlemektedir.<\/p>\t\t\t\t\t\t\t\t<\/div>\n\t\t\t\t<\/div>\n\t\t\t\t<section class=\"elementor-section elementor-inner-section elementor-element elementor-element-636246f elementor-section-boxed elementor-section-height-default elementor-section-height-default wpr-particle-no wpr-jarallax-no wpr-parallax-no wpr-sticky-section-no\" data-id=\"636246f\" data-element_type=\"section\">\n\t\t\t\t\t\t<div class=\"elementor-container elementor-column-gap-default\">\n\t\t\t\t\t<div class=\"elementor-column elementor-col-33 elementor-inner-column elementor-element elementor-element-6dc2fe7\" data-id=\"6dc2fe7\" data-element_type=\"column\">\n\t\t\t<div class=\"elementor-widget-wrap elementor-element-populated\">\n\t\t\t\t\t\t<div class=\"elementor-element elementor-element-c7dc941 elementor-widget elementor-widget-image\" data-id=\"c7dc941\" data-element_type=\"widget\" data-widget_type=\"image.default\">\n\t\t\t\t<div class=\"elementor-widget-container\">\n\t\t\t\t\t\t\t\t\t\t\t\t\t\t\t<img loading=\"lazy\" decoding=\"async\" width=\"960\" height=\"376\" src=\"https:\/\/www.believeinyouth.eu\/wp-content\/uploads\/2024\/12\/Iasis_Logo-white-back-small-1024x401.jpg\" class=\"attachment-large size-large wp-image-1661\" alt=\"\" srcset=\"https:\/\/www.believeinyouth.eu\/wp-content\/uploads\/2024\/12\/Iasis_Logo-white-back-small-1024x401.jpg 1024w, https:\/\/www.believeinyouth.eu\/wp-content\/uploads\/2024\/12\/Iasis_Logo-white-back-small-300x117.jpg 300w, https:\/\/www.believeinyouth.eu\/wp-content\/uploads\/2024\/12\/Iasis_Logo-white-back-small-768x301.jpg 768w, https:\/\/www.believeinyouth.eu\/wp-content\/uploads\/2024\/12\/Iasis_Logo-white-back-small-1536x601.jpg 1536w, https:\/\/www.believeinyouth.eu\/wp-content\/uploads\/2024\/12\/Iasis_Logo-white-back-small-2048x802.jpg 2048w\" sizes=\"(max-width: 960px) 100vw, 960px\" \/>\t\t\t\t\t\t\t\t\t\t\t\t\t\t\t<\/div>\n\t\t\t\t<\/div>\n\t\t\t\t\t<\/div>\n\t\t<\/div>\n\t\t\t\t<div class=\"elementor-column elementor-col-33 elementor-inner-column elementor-element elementor-element-4233a53\" data-id=\"4233a53\" data-element_type=\"column\">\n\t\t\t<div class=\"elementor-widget-wrap elementor-element-populated\">\n\t\t\t\t\t\t<div class=\"elementor-element elementor-element-09ca67f elementor-widget elementor-widget-wpr-team-member\" data-id=\"09ca67f\" data-element_type=\"widget\" data-widget_type=\"wpr-team-member.default\">\n\t\t\t\t<div class=\"elementor-widget-container\">\n\t\t\t\t\t\n\t<div class=\"wpr-team-member\">\n\t\t\t\t\t\n\t\t\t<div class=\"wpr-member-media\">\n\t\t\t\t<div class=\"wpr-member-image\">\n\t\t\t\t\t<img decoding=\"async\" src=\"https:\/\/www.believeinyouth.eu\/wp-content\/uploads\/2024\/12\/Theodora-Alexopoulou-photo-scaled.jpg\" alt=\"Theodora Alexopoulou\">\n\t\t\t\t<\/div>\n\t\t\t\t\t\t\t<\/div>\n\t\t\t\t\n\t\t\n\t\t<div class=\"wpr-member-content\">\n\t\t\t<h3 class=\"wpr-member-name\">Theodora Alexopoulou<\/h3>\n\t\t\t\n\t\t\t\n\t\t\t\n\t\t\t\t\t\t\t<div class=\"wpr-member-description\">Avrupa projelerinde ara\u015ft\u0131rmac\u0131 olarak \u00e7al\u0131\u015fmakta olan bir psikolog olup ge\u00e7mi\u015fte e\u011fitmen olarak \u00e7e\u015fitli e\u011fitim faaliyetlere ve \u00e7al\u0131\u015ftaylara kat\u0131lm\u0131\u015ft\u0131r. E\u011fitim psikolojisi ve psikoterapi alan\u0131nda e\u011fitimine devam etmektedir.<\/div>\n\t\t\t\t\t\t\n\t\t\t\t\t<\/div>\n\n\t\t\t<\/div>\n\n\t\t\t\t\t<\/div>\n\t\t\t\t<\/div>\n\t\t\t\t\t<\/div>\n\t\t<\/div>\n\t\t\t\t<div class=\"elementor-column elementor-col-33 elementor-inner-column elementor-element elementor-element-5cfba82\" data-id=\"5cfba82\" data-element_type=\"column\">\n\t\t\t<div class=\"elementor-widget-wrap elementor-element-populated\">\n\t\t\t\t\t\t<div class=\"elementor-element elementor-element-69ea0e7 elementor-widget elementor-widget-wpr-team-member\" data-id=\"69ea0e7\" data-element_type=\"widget\" data-widget_type=\"wpr-team-member.default\">\n\t\t\t\t<div class=\"elementor-widget-container\">\n\t\t\t\t\t\n\t<div class=\"wpr-team-member\">\n\t\t\t\t\t\n\t\t\t<div class=\"wpr-member-media\">\n\t\t\t\t<div class=\"wpr-member-image\">\n\t\t\t\t\t<img decoding=\"async\" src=\"https:\/\/www.believeinyouth.eu\/wp-content\/uploads\/2024\/12\/Thanos-Loules-photo.jpg\" alt=\"Loules Athanasios\">\n\t\t\t\t<\/div>\n\t\t\t\t\t\t\t<\/div>\n\t\t\t\t\n\t\t\n\t\t<div class=\"wpr-member-content\">\n\t\t\t<h3 class=\"wpr-member-name\">Loules Athanasios<\/h3>\n\t\t\t\n\t\t\t\n\t\t\t\n\t\t\t\t\t\t\t<div class=\"wpr-member-description\">AB proje y\u00f6neticisi olarak g\u00f6rev yapmakta olup bilgisayar a\u011f\u0131 uygulamalar\u0131 teknisyeni ve ofis otomasyonu konusunda e\u011fitim alm\u0131\u015ft\u0131r. Ayn\u0131 zamanda teknik alanda da faaliyet g\u00f6stermekte olup g\u00f6n\u00fcll\u00fc faaliyetlere de kat\u0131lm\u0131\u015ft\u0131r. AB taraf\u0131ndan finanse edilen projelerde koordinasyon ve y\u00f6netim faaliyetlerinde \u00e7al\u0131\u015fmaktad\u0131r.\n<\/div>\n\t\t\t\t\t\t\n\t\t\t\t\t<\/div>\n\n\t\t\t<\/div>\n\n\t\t\t\t\t<\/div>\n\t\t\t\t<\/div>\n\t\t\t\t\t<\/div>\n\t\t<\/div>\n\t\t\t\t\t<\/div>\n\t\t<\/section>\n\t\t\t\t\t<\/div>\n\t\t<\/div>\n\t\t\t\t\t<\/div>\n\t\t<\/section>\n\t\t<div class=\"elementor-element elementor-element-1941f0e e-con-full e-flex wpr-particle-no wpr-jarallax-no wpr-parallax-no wpr-sticky-section-no e-con e-parent\" data-id=\"1941f0e\" data-element_type=\"container\">\n\t\t\t\t<div class=\"elementor-element elementor-element-a1bf96a elementor-widget-divider--view-line elementor-widget elementor-widget-divider\" data-id=\"a1bf96a\" data-element_type=\"widget\" data-widget_type=\"divider.default\">\n\t\t\t\t<div class=\"elementor-widget-container\">\n\t\t\t\t\t\t\t<div class=\"elementor-divider\">\n\t\t\t<span class=\"elementor-divider-separator\">\n\t\t\t\t\t\t<\/span>\n\t\t<\/div>\n\t\t\t\t\t\t<\/div>\n\t\t\t\t<\/div>\n\t\t\t\t<\/div>\n\t\t\t\t<section class=\"elementor-section elementor-top-section elementor-element elementor-element-0329fec elementor-section-boxed elementor-section-height-default elementor-section-height-default wpr-particle-no wpr-jarallax-no wpr-parallax-no wpr-sticky-section-no\" data-id=\"0329fec\" data-element_type=\"section\">\n\t\t\t\t\t\t<div class=\"elementor-container elementor-column-gap-default\">\n\t\t\t\t\t<div class=\"elementor-column elementor-col-100 elementor-top-column elementor-element elementor-element-91579d3\" data-id=\"91579d3\" data-element_type=\"column\">\n\t\t\t<div class=\"elementor-widget-wrap elementor-element-populated\">\n\t\t\t\t\t\t<div class=\"elementor-element elementor-element-665b45e elementor-widget elementor-widget-heading\" data-id=\"665b45e\" data-element_type=\"widget\" data-widget_type=\"heading.default\">\n\t\t\t\t<div class=\"elementor-widget-container\">\n\t\t\t\t\t<h2 class=\"elementor-heading-title elementor-size-default\">System&amp;G Finland<\/h2>\t\t\t\t<\/div>\n\t\t\t\t<\/div>\n\t\t\t\t<div class=\"elementor-element elementor-element-e893fa3 elementor-widget elementor-widget-text-editor\" data-id=\"e893fa3\" data-element_type=\"widget\" data-widget_type=\"text-editor.default\">\n\t\t\t\t<div class=\"elementor-widget-container\">\n\t\t\t\t\t\t\t\t\t<p>System&amp;G, gen\u00e7lik alan\u0131ndaki etkinlikleriyle Finlandiya merkezli bir sivil toplum kurulu\u015fudur. Temel ama\u00e7lar\u0131 aras\u0131nda gen\u00e7lerin aktif vatanda\u015fl\u0131\u011f\u0131n\u0131 te\u015fvik etmek, Avrupa gen\u00e7leri aras\u0131nda dayan\u0131\u015fmay\u0131 g\u00fc\u00e7lendirmek, \u00e7e\u015fitli konularda anlay\u0131\u015f ve kar\u015f\u0131l\u0131kl\u0131 sayg\u0131y\u0131 te\u015fvik etmek, gen\u00e7lik alan\u0131nda Avrupa i\u015fbirli\u011fini art\u0131rmak yer almaktad\u0131r. Ayr\u0131ca, g\u00f6n\u00fcll\u00fc \u00e7al\u0131\u015fmalar d\u00fczenleyerek gen\u00e7leri \u00e7evre koruma ve sa\u011fl\u0131kl\u0131 ya\u015fam tarz\u0131 konular\u0131nda bilgilendirmek, kat\u0131l\u0131m\u0131 te\u015fvik etmek ve gen\u00e7leri bar\u0131\u015f, istikrar, g\u00fcvenlik, demokrasi ve insan haklar\u0131 gibi alanlarda e\u011fitmek amac\u0131yla at\u00f6lye \u00e7al\u0131\u015fmalar\u0131 d\u00fczenlemektedir. System&amp;G, Erasmus+ program\u0131 ve uluslararas\u0131 gen\u00e7lik \u00e7al\u0131\u015fmalar\u0131 konusunda geni\u015f bir deneyime sahiptir. Bu \u00e7er\u00e7evede, gen\u00e7leri farkl\u0131 konularda e\u011fitmek, uluslararas\u0131 i\u015fbirli\u011fi olanaklar\u0131n\u0131 art\u0131rmak ve gen\u00e7ler aras\u0131nda k\u00fclt\u00fcrleraras\u0131 anlay\u0131\u015f\u0131 geli\u015ftirmek ad\u0131na projeler y\u00fcr\u00fctmektedir. Gen\u00e7lere y\u00f6nelik d\u00fczenledi\u011fi etkinliklerle, bilgi ve deneyim payla\u015f\u0131m\u0131n\u0131 te\u015fvik ederek toplumun genel refah\u0131na katk\u0131da bulunmay\u0131 hedeflemektedir.<\/p>\t\t\t\t\t\t\t\t<\/div>\n\t\t\t\t<\/div>\n\t\t\t\t<section class=\"elementor-section elementor-inner-section elementor-element elementor-element-711593f elementor-section-boxed elementor-section-height-default elementor-section-height-default wpr-particle-no wpr-jarallax-no wpr-parallax-no wpr-sticky-section-no\" data-id=\"711593f\" data-element_type=\"section\">\n\t\t\t\t\t\t<div class=\"elementor-container elementor-column-gap-default\">\n\t\t\t\t\t<div class=\"elementor-column elementor-col-33 elementor-inner-column elementor-element elementor-element-d4b4229\" data-id=\"d4b4229\" data-element_type=\"column\">\n\t\t\t<div class=\"elementor-widget-wrap elementor-element-populated\">\n\t\t\t\t\t\t<div class=\"elementor-element elementor-element-e12314e elementor-widget elementor-widget-image\" data-id=\"e12314e\" data-element_type=\"widget\" data-widget_type=\"image.default\">\n\t\t\t\t<div class=\"elementor-widget-container\">\n\t\t\t\t\t\t\t\t\t\t\t\t\t\t\t<img loading=\"lazy\" decoding=\"async\" width=\"200\" height=\"200\" src=\"https:\/\/www.believeinyouth.eu\/wp-content\/uploads\/2024\/12\/326754080_510204367893310_5114983203938313238_n.png\" class=\"attachment-large size-large wp-image-1663\" alt=\"\" srcset=\"https:\/\/www.believeinyouth.eu\/wp-content\/uploads\/2024\/12\/326754080_510204367893310_5114983203938313238_n.png 200w, https:\/\/www.believeinyouth.eu\/wp-content\/uploads\/2024\/12\/326754080_510204367893310_5114983203938313238_n-150x150.png 150w\" sizes=\"(max-width: 200px) 100vw, 200px\" \/>\t\t\t\t\t\t\t\t\t\t\t\t\t\t\t<\/div>\n\t\t\t\t<\/div>\n\t\t\t\t\t<\/div>\n\t\t<\/div>\n\t\t\t\t<div class=\"elementor-column elementor-col-33 elementor-inner-column elementor-element elementor-element-bee27ab\" data-id=\"bee27ab\" data-element_type=\"column\">\n\t\t\t<div class=\"elementor-widget-wrap elementor-element-populated\">\n\t\t\t\t\t\t<div class=\"elementor-element elementor-element-359aa9a elementor-widget elementor-widget-wpr-team-member\" data-id=\"359aa9a\" data-element_type=\"widget\" data-widget_type=\"wpr-team-member.default\">\n\t\t\t\t<div class=\"elementor-widget-container\">\n\t\t\t\t\t\n\t<div class=\"wpr-team-member\">\n\t\t\t\t\t\n\t\t\t<div class=\"wpr-member-media\">\n\t\t\t\t<div class=\"wpr-member-image\">\n\t\t\t\t\t<img decoding=\"async\" src=\"https:\/\/www.believeinyouth.eu\/wp-content\/uploads\/2024\/12\/arni.jpg\" alt=\"Anssi J\u00e4rvinen\">\n\t\t\t\t<\/div>\n\t\t\t\t\t\t\t<\/div>\n\t\t\t\t\n\t\t\n\t\t<div class=\"wpr-member-content\">\n\t\t\t<h3 class=\"wpr-member-name\">Anssi J\u00e4rvinen<\/h3>\n\t\t\t\n\t\t\t\n\t\t\t\n\t\t\t\t\t\t\t<div class=\"wpr-member-description\">Finlandiya'n\u0131n Turku kentinde 6 y\u0131l\u0131 a\u015fk\u0131n bir s\u00fcre gen\u00e7lik rehberi olarak \u00e7al\u0131\u015fm\u0131\u015f olup, uluslararas\u0131 gen\u00e7lik \u00e7al\u0131\u015fmalar\u0131 konusunda uzmanl\u0131\u011fa sahiptir. Spor, sa\u011fl\u0131kl\u0131 ya\u015fam ve ekonomi gibi \u00e7e\u015fitli alanlarda \u00e7al\u0131\u015fmalar y\u00fcr\u00fctm\u00fc\u015ft\u00fcr. Toplamda 50'den fazla projede y\u00fcr\u00fct\u00fcc\u00fc ve ara\u015ft\u0131rmac\u0131 olarak aktif rol alm\u0131\u015ft\u0131r.<\/div>\n\t\t\t\t\t\t\n\t\t\t\t\t<\/div>\n\n\t\t\t<\/div>\n\n\t\t\t\t\t<\/div>\n\t\t\t\t<\/div>\n\t\t\t\t\t<\/div>\n\t\t<\/div>\n\t\t\t\t<div class=\"elementor-column elementor-col-33 elementor-inner-column elementor-element elementor-element-fb64f72\" data-id=\"fb64f72\" data-element_type=\"column\">\n\t\t\t<div class=\"elementor-widget-wrap elementor-element-populated\">\n\t\t\t\t\t\t<div class=\"elementor-element elementor-element-957d00b elementor-widget elementor-widget-wpr-team-member\" data-id=\"957d00b\" data-element_type=\"widget\" data-widget_type=\"wpr-team-member.default\">\n\t\t\t\t<div class=\"elementor-widget-container\">\n\t\t\t\t\t\n\t<div class=\"wpr-team-member\">\n\t\t\t\t\t\n\t\t\t<div class=\"wpr-member-media\">\n\t\t\t\t<div class=\"wpr-member-image\">\n\t\t\t\t\t<img decoding=\"async\" src=\"https:\/\/www.believeinyouth.eu\/wp-content\/uploads\/2024\/12\/argiris.jpg\" alt=\"Argyris Choulias\">\n\t\t\t\t<\/div>\n\t\t\t\t\t\t\t<\/div>\n\t\t\t\t\n\t\t\n\t\t<div class=\"wpr-member-content\">\n\t\t\t<h3 class=\"wpr-member-name\">Argyris Choulias<\/h3>\n\t\t\t\n\t\t\t\n\t\t\t\n\t\t\t\t\t\t\t<div class=\"wpr-member-description\">Erasmus+ program\u0131 alan\u0131nda 200'den fazla projede e\u011fitici ve rehber olarak g\u00f6rev alm\u0131\u015ft\u0131r. <\/div>\n\t\t\t\t\t\t\n\t\t\t\t\t<\/div>\n\n\t\t\t<\/div>\n\n\t\t\t\t\t<\/div>\n\t\t\t\t<\/div>\n\t\t\t\t\t<\/div>\n\t\t<\/div>\n\t\t\t\t\t<\/div>\n\t\t<\/section>\n\t\t\t\t\t<\/div>\n\t\t<\/div>\n\t\t\t\t\t<\/div>\n\t\t<\/section>\n\t\t\t\t<\/div>\n\t\t","protected":false},"excerpt":{"rendered":"<p>IRIPS \u0130nsanlar\u0131 mesleki ve sosyal entegrasyon konular\u0131nda destekleyen, sivil kat\u0131l\u0131m\u0131n \u00f6nemini vurgulayan Institut Regional d&#8217;Insertion Professionnelle et Sociale kurumu geni\u015f bir yelpazede faaliyetler y\u00fcr\u00fctmektedir. Bu faaliyetler aras\u0131nda, istihdam edilebilirlik, sosyal ve k\u00fclt\u00fcrel e\u011fitim alanlar\u0131na odaklanan \u00e7e\u015fitli programlar bulunmaktad\u0131r. Ayr\u0131ca, stres y\u00f6netimi ve toplum sa\u011fl\u0131\u011f\u0131 gibi \u00f6nemli konularda bilin\u00e7lendirme \u00e7al\u0131\u015fmalar\u0131 ger\u00e7ekle\u015ftirerek toplumun genel refah\u0131na katk\u0131da bulunmaktad\u0131r. Kurum, genel anlamda \u00e7e\u015fitli konularda e\u011fitim ve kurs programlar\u0131 d\u00fczenleyerek bireylerin bilgi ve becerilerini art\u0131rmay\u0131 ama\u00e7lamaktad\u0131r. Bu kapsamda yeni geli\u015ftirilen e\u011fitim i\u00e7eriklerini pratik uygulama alan\u0131na ta\u015f\u0131yan pilot uygulamalar\u0131 \u00fczerinde de hizmet vermektedir. \u00d6\u011frencilerin dikkat eksikli\u011fi sorunlar\u0131yla ba\u015fa \u00e7\u0131kmay\u0131 hedefleyen \u00e7e\u015fitli projeleri koordine ederek akademik performanslar\u0131n\u0131 iyile\u015ftirmeye odaklanmaktad\u0131r. Kurum ayr\u0131ca \u00f6\u011fretmenlerin daha etkili ve \u00f6\u011frenci odakl\u0131 bir e\u011fitim sunmalar\u0131na olanak tan\u0131yan yenilik\u00e7i e\u011fitim ara\u00e7lar\u0131n\u0131n geli\u015ftirilmesine aktif olarak katk\u0131da bulunmaktad\u0131r. Koralia Tsagkaratou \u0130leti\u015fim alan\u0131nda akademik \u00e7al\u0131\u015fmalar\u0131 yapm\u0131\u015f, turizm ve medya sekt\u00f6rlerinde \u00e7al\u0131\u015fm\u0131\u015f, k\u00fclt\u00fcrel miras ve sosyal giri\u015fimcilik konular\u0131nda \u00e7e\u015fitli Erasmus projelerinde rol alm\u0131\u015ft\u0131r. Governorship of \u0130stanbul \u0130stanbul Valili\u011fi, 16 milyonu a\u015fan n\u00fcfusa sahip \u0130stanbul\u2019un en y\u00fcksek idari kamu otoritesi olup \u00e7e\u015fitli alanlara y\u00f6nelik birimlerde \u00e7al\u0131\u015fan 2000\u2019den fazla personel ile hizmet vermektedir. \u0130stanbul Valili\u011fi&#8217;nin ba\u015fl\u0131ca g\u00f6revleri;&#8211; \u0130stanbul\u2019un genel idaresini sa\u011flamak ve i\u015fleyi\u015ften sorumlu kurumlar\u0131 denetlemek.&#8211; \u0130ldeki e\u011fitim, sa\u011fl\u0131k, g\u00fcvenlik, \u00e7evre, bay\u0131nd\u0131rl\u0131k, k\u00fclt\u00fcr, turizm, g\u00f6\u00e7 vb. t\u00fcm faaliyetleri koordine etmek.&#8211; Merkezi y\u00f6netimden gelen y\u00f6netmelik, talimat ve gerekli d\u00fczenlemeleri uygulamak ve denetimini sa\u011flamak.&#8211; \u0130ldeki t\u00fcm kurumlar\u0131 denetleyerek \u015fehir halk\u0131n\u0131n ihtiya\u00e7lar\u0131n\u0131n kar\u015f\u0131lanmas\u0131na y\u00f6nelik \u00e7al\u0131\u015fmalar\u0131 belirlemek ve y\u00fcr\u00fctmektir.\u0130stanbul Valili\u011fi, il genelinde 39 Kaymakaml\u0131k ve 24 \u0130l M\u00fcd\u00fcrl\u00fc\u011f\u00fc ile faaliyetlerini s\u00fcrd\u00fcrmektedir.&#8220;Valilik Makam\u0131n\u0131n 03.02.2005 tarih ve 217 say\u0131l\u0131 onay\u0131 ile kurulan D\u0131\u015f \u0130li\u015fkiler ve Avrupa Birli\u011fi Koordinasyon Merkezi, Eyl\u00fcl 2015 tarihinden itibaren Avrupa Birli\u011fi ve D\u0131\u015f \u0130li\u015fkiler B\u00fcrosu olarak faaliyetlerini s\u00fcrd\u00fcrmektedir. \u0130stanbul Valili\u011fi ad\u0131na Erasmus+ projelerini ger\u00e7ekle\u015ftiren Avrupa Birli\u011fi ve D\u0131\u015f \u0130li\u015fkiler B\u00fcrosu, \u00fclkemizin Avrupa Birli\u011fi kat\u0131l\u0131m s\u00fcrecinde \u0130stanbul genelinde;\u2022 Gerekli alt yap\u0131n\u0131n olu\u015fturulmas\u0131\u2022 Kent halk\u0131n\u0131n AB vatanda\u015fl\u0131\u011f\u0131na haz\u0131rlanmas\u0131\u2022 AB \u00fcyesi \u00fclkeler i\u00e7in ba\u011flay\u0131c\u0131 nitelik ta\u015f\u0131yan m\u00fcktesebat\u0131n benimsetilmesi ve uygulanmas\u0131 konular\u0131nda i\u015f birli\u011fi, ileti\u015fim ve e\u015fg\u00fcd\u00fcm sa\u011flama amac\u0131na y\u00f6nelik \u00e7al\u0131\u015fmalar yapmaktad\u0131r.Y\u00f6netim anlay\u0131\u015f\u0131 olarak yerel y\u00f6netimler, sivil toplum kurulu\u015flar\u0131, kamu kurum ve kurulu\u015flar\u0131, \u00f6zel sekt\u00f6r ve vatanda\u015f i\u015f birli\u011fine dayal\u0131 olarak bir toplumsal d\u00f6n\u00fc\u015f\u00fcm projesi olan AB&#8217;ye kat\u0131l\u0131m s\u00fcrecinde gerekli faaliyetleri planlama ve uygulama temel ilke olarak benimsenmi\u015ftir.B\u00fcromuz taraf\u0131ndan ger\u00e7ekle\u015ftirilen projeler hakk\u0131nda bilgi almak i\u00e7in \u201cwww.abmerkez.com&#8221; web adresini ziyaret edebilirsiniz. Kadir Fatih MUTLU Avrupa Birli\u011fi ve D\u0131\u015f \u0130li\u015fkiler B\u00fcrosu Koordinat\u00f6r\u00fc olan Kadir Fatih MUTLU, E\u011fitim Y\u00f6netimi alan\u0131nda y\u00fcksek lisans derecesine sahip olup 2008 y\u0131l\u0131ndan bu yana AB taraf\u0131ndan finanse edilen projelerde g\u00f6rev alm\u0131\u015ft\u0131r. Proje Y\u00f6netim D\u00f6ng\u00fcs\u00fc alan\u0131nda \u00e7ok say\u0131da faaliyette e\u011fitici e\u011fitmeni olarak g\u00f6rev alm\u0131\u015f, 100\u2019den fazla Avrupa Birli\u011fi ve \u0130stanbul Kalk\u0131nma Ajans\u0131 projesinde ara\u015ft\u0131rma, koordinasyon ve y\u00f6netim faaliyetlerinde bulunmu\u015ftur. Ahmet Bahad\u0131r SIR\u0130\u015e Fen Bilimleri \u00d6\u011fretmeni olup ayn\u0131 alanda doktora \u00e7al\u0131\u015fmalar\u0131na devam etmektedir. Ortaokul kademelerinde \u00e7e\u015fitli devlet okullar\u0131nda \u00f6\u011fretmen olarak \u00e7al\u0131\u015ft\u0131ktan sonra 2021 y\u0131l\u0131ndan bu yana Avrupa Birli\u011fi ve D\u0131\u015f \u0130li\u015fkiler B\u00fcrosu\u2019nda Proje Uzman\u0131 olarak \u00e7al\u0131\u015fmaktad\u0131r. Ge\u00e7mi\u015fte \u00e7e\u015fitli kamu kurumlar\u0131nda ortaokul ve lise \u00f6\u011frencilerine kariyer rehberli\u011fi alan\u0131nda hizmet vermi\u015f olup, gen\u00e7lik ve mesleki e\u011fitim alan\u0131nda \u00e7ok say\u0131da Avrupa Birli\u011fi projesinde g\u00f6rev alm\u0131\u015ft\u0131r. Youth for Equality Youth for Equality (E\u015fitlik i\u00e7in Gen\u00e7lik) kurumu Slovakya&#8217;da yerel bir gen\u00e7lik giri\u015fimi olarak kurulmu\u015f olup e\u011fitim, i\u015fg\u00fcc\u00fc piyasas\u0131, \u00e7evre, ki\u015fisel geli\u015fim i\u00e7in gen\u00e7lerin sivil kat\u0131l\u0131m\u0131 ve gen\u00e7lerin i\u015f hayat\u0131na entegrasyonu gibi alanlarda yerel ve uluslararas\u0131 d\u00fczeyde \u00e7e\u015fitli faaliyetler y\u00fcr\u00fctmektedir. Gen\u00e7lerin bilgi ve becerilerini geli\u015ftirmelerine, yerel ve uluslararas\u0131 d\u00fczeyde yararl\u0131 e\u011fitim ve kariyer f\u0131rsatlar\u0131n\u0131 ke\u015ffetmelerine yard\u0131mc\u0131 olmak amac\u0131yla hizmetler sunan kurum, ayn\u0131 zamanda \u00e7e\u015fitli e\u011fitim faaliyetleri sunmakta olup b\u00fcnyesinde farkl\u0131 uzmanl\u0131klara sahip proje uzmanlar\u0131 bar\u0131nd\u0131rmaktad\u0131r. M\u00fcnazaralar, beyin f\u0131rt\u0131nalar\u0131 gibi \u00e7e\u015fitli \u00f6\u011fretim y\u00f6ntemleriyle sosyal becerilerin kazan\u0131lmas\u0131na y\u00f6nelik programlar d\u00fczenleyen kurumda motivasyon, yarat\u0131c\u0131l\u0131k, tak\u0131m \u00e7al\u0131\u015fmas\u0131, liderlik gibi alanlarda da \u00e7al\u0131\u015ftaylar d\u00fczenlenmektedir. Kurum ayn\u0131 zamanda i\u015fg\u00fcc\u00fc piyasas\u0131ndaki yeni y\u00f6nelimler, s\u00fcrd\u00fcr\u00fclebilirlik ve ye\u015fil beceriler konular\u0131nda da \u00e7al\u0131\u015fmalar y\u00fcr\u00fctmektedir. Hakan Oguz Adana \u00c7ukurova \u00dcniversitesi&#8217;nden Bilgisayar M\u00fchendisi olarak mezun olduktan sonra iki y\u0131l boyunca sa\u011fl\u0131k alan\u0131nda Erasmus+ proje koordinat\u00f6r\u00fc olarak \u00e7al\u0131\u015fm\u0131\u015ft\u0131r. Proje y\u00f6netim ve denetim faaliyetleri, proje yaz\u0131m\u0131 ve raporlamas\u0131 konusunda \u00e7e\u015fitli g\u00f6revler alm\u0131\u015f olup \u015fu anda gen\u00e7lere e\u011fitim ve giri\u015fimcilik konular\u0131nda mentorluk yapmaktad\u0131r. Ye\u015fil beceriler, giri\u015fimcilik ve sosyal i\u00e7erme konular\u0131 uzmanl\u0131k alanlar\u0131 aras\u0131ndad\u0131r. Diana Ja\u0161ekov\u00e1 Hukuk alan\u0131nda doktora derecesine sahip olup Uluslararas\u0131 Hukuk, Avrupa Hukuku, Kriminoloji ve gen\u00e7 bireylerin dahil oldu\u011fu su\u00e7lar \u00fczerine \u00e7al\u0131\u015fmalar yapm\u0131\u015ft\u0131r. Son zamanlarda proje y\u00f6netimi alan\u0131nda \u00e7al\u0131\u015fmakta olup kurum b\u00fcnyesinde istihdam, liderlik becerilerinin geli\u015ftirilmesi gibi konularda at\u00f6lye \u00e7al\u0131\u015fmalar\u0131 d\u00fczenlemektedir. INFODEF \u00d6zel, ba\u011f\u0131ms\u0131z bir ara\u015ft\u0131rma, geli\u015ftirme ve yenilik merkezi olan INFODEF&#8217;in (Instituto para la Promoci\u00f3n del Desarrollo y la Formaci\u00f3n (Geli\u015fim ve E\u011fitimi Destekleme Enstit\u00fcs\u00fc) misyonu \u201ce\u011fitim, k\u00fclt\u00fcr ve yenilik yoluyla s\u00fcrd\u00fcr\u00fclebilir, kapsay\u0131c\u0131 kalk\u0131nmaya katk\u0131da bulunacak projeler geli\u015ftirmek ve uygulamakt\u0131r\u201d. Merkez, mevcut sosyal ve ekonomik sorunlara yan\u0131t veren, toplumun gelecekteki ama\u00e7 ve hedeflerine ula\u015fmas\u0131 i\u00e7in gerekli de\u011fi\u015fiklikleri \u00f6ng\u00f6rmeye ve y\u00f6nlendirmeye olanak tan\u0131yan yenilik\u00e7i ara\u00e7lar, metodolojiler, \u00fcr\u00fcnler ve hizmetler tasarlay\u0131p geli\u015ftirmektedir. INFODEF, e\u011fitim sistemlerinin \u00e7a\u011fda\u015fla\u015ft\u0131r\u0131lmas\u0131n\u0131 ve ulusal ile Avrupa d\u00fczeyindeki kamu ve \u00f6zel e\u011fitim kurumlar\u0131n\u0131n e\u011fitsel yenili\u011fini desteklemektedir.INFODEF&#8217;in \u00f6ne \u00e7\u0131kan uzmanl\u0131k alanlar\u0131 aras\u0131nda gen\u00e7ler, g\u00f6\u00e7menler, d\u00fc\u015f\u00fck becerili yeti\u015fkinler, engelliler, yasal su\u00e7lular gibi belirli hedef gruplarla \u00e7al\u0131\u015fan profesyonellerin \u00e7abalar\u0131n\u0131 desteklemek amac\u0131yla yenilik\u00e7i metodolojilerin ve ara\u00e7lar\u0131n tasarlanmas\u0131d\u0131r. Laura Trevisan \u00c7evre Bilimcisi olarak \u0130spanya ve \u0130talya&#8217;da koruma alt\u0131ndaki alanlar\u0131n y\u00f6netiminde \u00e7al\u0131\u015ft\u0131. \u015eu anda tar\u0131msal ekosistemlerin s\u00fcrd\u00fcr\u00fclebilirli\u011finin iyile\u015ftirilmesine y\u00f6nelik dan\u0131\u015fmanl\u0131k yapmaktad\u0131r. 2017 y\u0131l\u0131ndan bu yana AB taraf\u0131ndan finanse edilen projelerde koordinasyon ve y\u00f6netim faaliyetlerinde \u00e7al\u0131\u015fmaktad\u0131r. Beatriz Burgue\u00f1o Belediyelere hizmet ve \u00fcr\u00fcn temin eden bir ofiste mimarl\u0131k, \u015fehir planlamas\u0131 ve s\u00fcrd\u00fcr\u00fclebilirlik gibi alanlarda \u00e7al\u0131\u015fmaktad\u0131r. AB taraf\u0131ndan finanse edilen projelerde grafik tasar\u0131m, sosyal medya y\u00f6netimi ve finansal raporlama konular\u0131nda rol almaktad\u0131r. IASIS IASIS kurumu, sosyal i\u00e7erme, ruh sa\u011fl\u0131\u011f\u0131 ve e\u011fitim alanlar\u0131nda faaliyet g\u00f6stermektedir. Yunanistan&#8217;da bulunan bu kurum, k\u00e2r amac\u0131 g\u00fctmemekte olup g\u00f6n\u00fcll\u00fc olarak hizmet veren sivil toplum kurulu\u015flar\u0131 aras\u0131nda \u00f6nemli bir konumda yer almaktad\u0131r. Avrupa Dayan\u0131\u015fma Te\u015fkilat\u0131 taraf\u0131ndan Gen\u00e7lik ve Hayat Boyu \u00d6\u011frenme Vakf\u0131 ve Mesleki E\u011fitim ve \u00d6\u011fretim Merkezi olarak sertifikaland\u0131r\u0131lan IASIS, toplumun her kesimine y\u00f6nelik e\u011fitim \u00e7al\u0131\u015fmalar\u0131 d\u00fczenlemekte ve s\u00fcrd\u00fcr\u00fclebilir kapsay\u0131c\u0131 kalk\u0131nmaya katk\u0131da bulunmaktad\u0131r. Kurum, 2005 y\u0131l\u0131nda kurulmu\u015f olup engeli olan bireylere psiko-sosyal destek sa\u011flama, dezavantajl\u0131 bireylere e\u011fitim hizmetleri sunma, toplumun her alan\u0131nda f\u0131rsat e\u015fitli\u011fi yaratma ve e\u011fitimde yeni bak\u0131\u015f a\u00e7\u0131lar\u0131 geli\u015ftirme amac\u0131yla faaliyet g\u00f6stermektedir. Bu hedefler do\u011frultusunda, IASIS, projeleri ve etkinlikleriyle toplumsal d\u0131\u015flanma ile m\u00fccadele ederek, bireylerin ya\u015famlar\u0131na olumlu katk\u0131larda bulunmaya odaklanmaktad\u0131r. Kurum, Yunanistan genelinde yayg\u0131n<\/p>\n","protected":false},"author":1,"featured_media":0,"parent":0,"menu_order":0,"comment_status":"closed","ping_status":"closed","template":"elementor_canvas","meta":{"footnotes":""},"class_list":["post-1702","page","type-page","status-publish","hentry"],"yoast_head":"<!-- This site is optimized with the Yoast SEO plugin v26.3 - https:\/\/yoast.com\/wordpress\/plugins\/seo\/ -->\n<title>Ortak Kurumlar - Believe in Youth<\/title>\n<meta name=\"robots\" content=\"index, follow, max-snippet:-1, max-image-preview:large, max-video-preview:-1\" \/>\n<link rel=\"canonical\" href=\"https:\/\/www.believeinyouth.eu\/index.php\/tr\/partners_tr\/\" \/>\n<meta property=\"og:locale\" content=\"en_US\" \/>\n<meta property=\"og:type\" content=\"article\" \/>\n<meta property=\"og:title\" content=\"Ortak Kurumlar - Believe in Youth\" \/>\n<meta property=\"og:description\" content=\"IRIPS \u0130nsanlar\u0131 mesleki ve sosyal entegrasyon konular\u0131nda destekleyen, sivil kat\u0131l\u0131m\u0131n \u00f6nemini vurgulayan Institut Regional d&#8217;Insertion Professionnelle et Sociale kurumu geni\u015f bir yelpazede faaliyetler y\u00fcr\u00fctmektedir. Bu faaliyetler aras\u0131nda, istihdam edilebilirlik, sosyal ve k\u00fclt\u00fcrel e\u011fitim alanlar\u0131na odaklanan \u00e7e\u015fitli programlar bulunmaktad\u0131r. Ayr\u0131ca, stres y\u00f6netimi ve toplum sa\u011fl\u0131\u011f\u0131 gibi \u00f6nemli konularda bilin\u00e7lendirme \u00e7al\u0131\u015fmalar\u0131 ger\u00e7ekle\u015ftirerek toplumun genel refah\u0131na katk\u0131da bulunmaktad\u0131r. Kurum, genel anlamda \u00e7e\u015fitli konularda e\u011fitim ve kurs programlar\u0131 d\u00fczenleyerek bireylerin bilgi ve becerilerini art\u0131rmay\u0131 ama\u00e7lamaktad\u0131r. Bu kapsamda yeni geli\u015ftirilen e\u011fitim i\u00e7eriklerini pratik uygulama alan\u0131na ta\u015f\u0131yan pilot uygulamalar\u0131 \u00fczerinde de hizmet vermektedir. \u00d6\u011frencilerin dikkat eksikli\u011fi sorunlar\u0131yla ba\u015fa \u00e7\u0131kmay\u0131 hedefleyen \u00e7e\u015fitli projeleri koordine ederek akademik performanslar\u0131n\u0131 iyile\u015ftirmeye odaklanmaktad\u0131r. Kurum ayr\u0131ca \u00f6\u011fretmenlerin daha etkili ve \u00f6\u011frenci odakl\u0131 bir e\u011fitim sunmalar\u0131na olanak tan\u0131yan yenilik\u00e7i e\u011fitim ara\u00e7lar\u0131n\u0131n geli\u015ftirilmesine aktif olarak katk\u0131da bulunmaktad\u0131r. Koralia Tsagkaratou \u0130leti\u015fim alan\u0131nda akademik \u00e7al\u0131\u015fmalar\u0131 yapm\u0131\u015f, turizm ve medya sekt\u00f6rlerinde \u00e7al\u0131\u015fm\u0131\u015f, k\u00fclt\u00fcrel miras ve sosyal giri\u015fimcilik konular\u0131nda \u00e7e\u015fitli Erasmus projelerinde rol alm\u0131\u015ft\u0131r. Governorship of \u0130stanbul \u0130stanbul Valili\u011fi, 16 milyonu a\u015fan n\u00fcfusa sahip \u0130stanbul\u2019un en y\u00fcksek idari kamu otoritesi olup \u00e7e\u015fitli alanlara y\u00f6nelik birimlerde \u00e7al\u0131\u015fan 2000\u2019den fazla personel ile hizmet vermektedir. \u0130stanbul Valili\u011fi&#8217;nin ba\u015fl\u0131ca g\u00f6revleri;&#8211; \u0130stanbul\u2019un genel idaresini sa\u011flamak ve i\u015fleyi\u015ften sorumlu kurumlar\u0131 denetlemek.&#8211; \u0130ldeki e\u011fitim, sa\u011fl\u0131k, g\u00fcvenlik, \u00e7evre, bay\u0131nd\u0131rl\u0131k, k\u00fclt\u00fcr, turizm, g\u00f6\u00e7 vb. t\u00fcm faaliyetleri koordine etmek.&#8211; Merkezi y\u00f6netimden gelen y\u00f6netmelik, talimat ve gerekli d\u00fczenlemeleri uygulamak ve denetimini sa\u011flamak.&#8211; \u0130ldeki t\u00fcm kurumlar\u0131 denetleyerek \u015fehir halk\u0131n\u0131n ihtiya\u00e7lar\u0131n\u0131n kar\u015f\u0131lanmas\u0131na y\u00f6nelik \u00e7al\u0131\u015fmalar\u0131 belirlemek ve y\u00fcr\u00fctmektir.\u0130stanbul Valili\u011fi, il genelinde 39 Kaymakaml\u0131k ve 24 \u0130l M\u00fcd\u00fcrl\u00fc\u011f\u00fc ile faaliyetlerini s\u00fcrd\u00fcrmektedir.&#8220;Valilik Makam\u0131n\u0131n 03.02.2005 tarih ve 217 say\u0131l\u0131 onay\u0131 ile kurulan D\u0131\u015f \u0130li\u015fkiler ve Avrupa Birli\u011fi Koordinasyon Merkezi, Eyl\u00fcl 2015 tarihinden itibaren Avrupa Birli\u011fi ve D\u0131\u015f \u0130li\u015fkiler B\u00fcrosu olarak faaliyetlerini s\u00fcrd\u00fcrmektedir. \u0130stanbul Valili\u011fi ad\u0131na Erasmus+ projelerini ger\u00e7ekle\u015ftiren Avrupa Birli\u011fi ve D\u0131\u015f \u0130li\u015fkiler B\u00fcrosu, \u00fclkemizin Avrupa Birli\u011fi kat\u0131l\u0131m s\u00fcrecinde \u0130stanbul genelinde;\u2022 Gerekli alt yap\u0131n\u0131n olu\u015fturulmas\u0131\u2022 Kent halk\u0131n\u0131n AB vatanda\u015fl\u0131\u011f\u0131na haz\u0131rlanmas\u0131\u2022 AB \u00fcyesi \u00fclkeler i\u00e7in ba\u011flay\u0131c\u0131 nitelik ta\u015f\u0131yan m\u00fcktesebat\u0131n benimsetilmesi ve uygulanmas\u0131 konular\u0131nda i\u015f birli\u011fi, ileti\u015fim ve e\u015fg\u00fcd\u00fcm sa\u011flama amac\u0131na y\u00f6nelik \u00e7al\u0131\u015fmalar yapmaktad\u0131r.Y\u00f6netim anlay\u0131\u015f\u0131 olarak yerel y\u00f6netimler, sivil toplum kurulu\u015flar\u0131, kamu kurum ve kurulu\u015flar\u0131, \u00f6zel sekt\u00f6r ve vatanda\u015f i\u015f birli\u011fine dayal\u0131 olarak bir toplumsal d\u00f6n\u00fc\u015f\u00fcm projesi olan AB&#8217;ye kat\u0131l\u0131m s\u00fcrecinde gerekli faaliyetleri planlama ve uygulama temel ilke olarak benimsenmi\u015ftir.B\u00fcromuz taraf\u0131ndan ger\u00e7ekle\u015ftirilen projeler hakk\u0131nda bilgi almak i\u00e7in \u201cwww.abmerkez.com&#8221; web adresini ziyaret edebilirsiniz. Kadir Fatih MUTLU Avrupa Birli\u011fi ve D\u0131\u015f \u0130li\u015fkiler B\u00fcrosu Koordinat\u00f6r\u00fc olan Kadir Fatih MUTLU, E\u011fitim Y\u00f6netimi alan\u0131nda y\u00fcksek lisans derecesine sahip olup 2008 y\u0131l\u0131ndan bu yana AB taraf\u0131ndan finanse edilen projelerde g\u00f6rev alm\u0131\u015ft\u0131r. Proje Y\u00f6netim D\u00f6ng\u00fcs\u00fc alan\u0131nda \u00e7ok say\u0131da faaliyette e\u011fitici e\u011fitmeni olarak g\u00f6rev alm\u0131\u015f, 100\u2019den fazla Avrupa Birli\u011fi ve \u0130stanbul Kalk\u0131nma Ajans\u0131 projesinde ara\u015ft\u0131rma, koordinasyon ve y\u00f6netim faaliyetlerinde bulunmu\u015ftur. Ahmet Bahad\u0131r SIR\u0130\u015e Fen Bilimleri \u00d6\u011fretmeni olup ayn\u0131 alanda doktora \u00e7al\u0131\u015fmalar\u0131na devam etmektedir. Ortaokul kademelerinde \u00e7e\u015fitli devlet okullar\u0131nda \u00f6\u011fretmen olarak \u00e7al\u0131\u015ft\u0131ktan sonra 2021 y\u0131l\u0131ndan bu yana Avrupa Birli\u011fi ve D\u0131\u015f \u0130li\u015fkiler B\u00fcrosu\u2019nda Proje Uzman\u0131 olarak \u00e7al\u0131\u015fmaktad\u0131r. Ge\u00e7mi\u015fte \u00e7e\u015fitli kamu kurumlar\u0131nda ortaokul ve lise \u00f6\u011frencilerine kariyer rehberli\u011fi alan\u0131nda hizmet vermi\u015f olup, gen\u00e7lik ve mesleki e\u011fitim alan\u0131nda \u00e7ok say\u0131da Avrupa Birli\u011fi projesinde g\u00f6rev alm\u0131\u015ft\u0131r. Youth for Equality Youth for Equality (E\u015fitlik i\u00e7in Gen\u00e7lik) kurumu Slovakya&#8217;da yerel bir gen\u00e7lik giri\u015fimi olarak kurulmu\u015f olup e\u011fitim, i\u015fg\u00fcc\u00fc piyasas\u0131, \u00e7evre, ki\u015fisel geli\u015fim i\u00e7in gen\u00e7lerin sivil kat\u0131l\u0131m\u0131 ve gen\u00e7lerin i\u015f hayat\u0131na entegrasyonu gibi alanlarda yerel ve uluslararas\u0131 d\u00fczeyde \u00e7e\u015fitli faaliyetler y\u00fcr\u00fctmektedir. Gen\u00e7lerin bilgi ve becerilerini geli\u015ftirmelerine, yerel ve uluslararas\u0131 d\u00fczeyde yararl\u0131 e\u011fitim ve kariyer f\u0131rsatlar\u0131n\u0131 ke\u015ffetmelerine yard\u0131mc\u0131 olmak amac\u0131yla hizmetler sunan kurum, ayn\u0131 zamanda \u00e7e\u015fitli e\u011fitim faaliyetleri sunmakta olup b\u00fcnyesinde farkl\u0131 uzmanl\u0131klara sahip proje uzmanlar\u0131 bar\u0131nd\u0131rmaktad\u0131r. M\u00fcnazaralar, beyin f\u0131rt\u0131nalar\u0131 gibi \u00e7e\u015fitli \u00f6\u011fretim y\u00f6ntemleriyle sosyal becerilerin kazan\u0131lmas\u0131na y\u00f6nelik programlar d\u00fczenleyen kurumda motivasyon, yarat\u0131c\u0131l\u0131k, tak\u0131m \u00e7al\u0131\u015fmas\u0131, liderlik gibi alanlarda da \u00e7al\u0131\u015ftaylar d\u00fczenlenmektedir. Kurum ayn\u0131 zamanda i\u015fg\u00fcc\u00fc piyasas\u0131ndaki yeni y\u00f6nelimler, s\u00fcrd\u00fcr\u00fclebilirlik ve ye\u015fil beceriler konular\u0131nda da \u00e7al\u0131\u015fmalar y\u00fcr\u00fctmektedir. Hakan Oguz Adana \u00c7ukurova \u00dcniversitesi&#8217;nden Bilgisayar M\u00fchendisi olarak mezun olduktan sonra iki y\u0131l boyunca sa\u011fl\u0131k alan\u0131nda Erasmus+ proje koordinat\u00f6r\u00fc olarak \u00e7al\u0131\u015fm\u0131\u015ft\u0131r. Proje y\u00f6netim ve denetim faaliyetleri, proje yaz\u0131m\u0131 ve raporlamas\u0131 konusunda \u00e7e\u015fitli g\u00f6revler alm\u0131\u015f olup \u015fu anda gen\u00e7lere e\u011fitim ve giri\u015fimcilik konular\u0131nda mentorluk yapmaktad\u0131r. Ye\u015fil beceriler, giri\u015fimcilik ve sosyal i\u00e7erme konular\u0131 uzmanl\u0131k alanlar\u0131 aras\u0131ndad\u0131r. Diana Ja\u0161ekov\u00e1 Hukuk alan\u0131nda doktora derecesine sahip olup Uluslararas\u0131 Hukuk, Avrupa Hukuku, Kriminoloji ve gen\u00e7 bireylerin dahil oldu\u011fu su\u00e7lar \u00fczerine \u00e7al\u0131\u015fmalar yapm\u0131\u015ft\u0131r. Son zamanlarda proje y\u00f6netimi alan\u0131nda \u00e7al\u0131\u015fmakta olup kurum b\u00fcnyesinde istihdam, liderlik becerilerinin geli\u015ftirilmesi gibi konularda at\u00f6lye \u00e7al\u0131\u015fmalar\u0131 d\u00fczenlemektedir. INFODEF \u00d6zel, ba\u011f\u0131ms\u0131z bir ara\u015ft\u0131rma, geli\u015ftirme ve yenilik merkezi olan INFODEF&#8217;in (Instituto para la Promoci\u00f3n del Desarrollo y la Formaci\u00f3n (Geli\u015fim ve E\u011fitimi Destekleme Enstit\u00fcs\u00fc) misyonu \u201ce\u011fitim, k\u00fclt\u00fcr ve yenilik yoluyla s\u00fcrd\u00fcr\u00fclebilir, kapsay\u0131c\u0131 kalk\u0131nmaya katk\u0131da bulunacak projeler geli\u015ftirmek ve uygulamakt\u0131r\u201d. Merkez, mevcut sosyal ve ekonomik sorunlara yan\u0131t veren, toplumun gelecekteki ama\u00e7 ve hedeflerine ula\u015fmas\u0131 i\u00e7in gerekli de\u011fi\u015fiklikleri \u00f6ng\u00f6rmeye ve y\u00f6nlendirmeye olanak tan\u0131yan yenilik\u00e7i ara\u00e7lar, metodolojiler, \u00fcr\u00fcnler ve hizmetler tasarlay\u0131p geli\u015ftirmektedir. INFODEF, e\u011fitim sistemlerinin \u00e7a\u011fda\u015fla\u015ft\u0131r\u0131lmas\u0131n\u0131 ve ulusal ile Avrupa d\u00fczeyindeki kamu ve \u00f6zel e\u011fitim kurumlar\u0131n\u0131n e\u011fitsel yenili\u011fini desteklemektedir.INFODEF&#8217;in \u00f6ne \u00e7\u0131kan uzmanl\u0131k alanlar\u0131 aras\u0131nda gen\u00e7ler, g\u00f6\u00e7menler, d\u00fc\u015f\u00fck becerili yeti\u015fkinler, engelliler, yasal su\u00e7lular gibi belirli hedef gruplarla \u00e7al\u0131\u015fan profesyonellerin \u00e7abalar\u0131n\u0131 desteklemek amac\u0131yla yenilik\u00e7i metodolojilerin ve ara\u00e7lar\u0131n tasarlanmas\u0131d\u0131r. Laura Trevisan \u00c7evre Bilimcisi olarak \u0130spanya ve \u0130talya&#8217;da koruma alt\u0131ndaki alanlar\u0131n y\u00f6netiminde \u00e7al\u0131\u015ft\u0131. \u015eu anda tar\u0131msal ekosistemlerin s\u00fcrd\u00fcr\u00fclebilirli\u011finin iyile\u015ftirilmesine y\u00f6nelik dan\u0131\u015fmanl\u0131k yapmaktad\u0131r. 2017 y\u0131l\u0131ndan bu yana AB taraf\u0131ndan finanse edilen projelerde koordinasyon ve y\u00f6netim faaliyetlerinde \u00e7al\u0131\u015fmaktad\u0131r. Beatriz Burgue\u00f1o Belediyelere hizmet ve \u00fcr\u00fcn temin eden bir ofiste mimarl\u0131k, \u015fehir planlamas\u0131 ve s\u00fcrd\u00fcr\u00fclebilirlik gibi alanlarda \u00e7al\u0131\u015fmaktad\u0131r. AB taraf\u0131ndan finanse edilen projelerde grafik tasar\u0131m, sosyal medya y\u00f6netimi ve finansal raporlama konular\u0131nda rol almaktad\u0131r. IASIS IASIS kurumu, sosyal i\u00e7erme, ruh sa\u011fl\u0131\u011f\u0131 ve e\u011fitim alanlar\u0131nda faaliyet g\u00f6stermektedir. Yunanistan&#8217;da bulunan bu kurum, k\u00e2r amac\u0131 g\u00fctmemekte olup g\u00f6n\u00fcll\u00fc olarak hizmet veren sivil toplum kurulu\u015flar\u0131 aras\u0131nda \u00f6nemli bir konumda yer almaktad\u0131r. Avrupa Dayan\u0131\u015fma Te\u015fkilat\u0131 taraf\u0131ndan Gen\u00e7lik ve Hayat Boyu \u00d6\u011frenme Vakf\u0131 ve Mesleki E\u011fitim ve \u00d6\u011fretim Merkezi olarak sertifikaland\u0131r\u0131lan IASIS, toplumun her kesimine y\u00f6nelik e\u011fitim \u00e7al\u0131\u015fmalar\u0131 d\u00fczenlemekte ve s\u00fcrd\u00fcr\u00fclebilir kapsay\u0131c\u0131 kalk\u0131nmaya katk\u0131da bulunmaktad\u0131r. Kurum, 2005 y\u0131l\u0131nda kurulmu\u015f olup engeli olan bireylere psiko-sosyal destek sa\u011flama, dezavantajl\u0131 bireylere e\u011fitim hizmetleri sunma, toplumun her alan\u0131nda f\u0131rsat e\u015fitli\u011fi yaratma ve e\u011fitimde yeni bak\u0131\u015f a\u00e7\u0131lar\u0131 geli\u015ftirme amac\u0131yla faaliyet g\u00f6stermektedir. Bu hedefler do\u011frultusunda, IASIS, projeleri ve etkinlikleriyle toplumsal d\u0131\u015flanma ile m\u00fccadele ederek, bireylerin ya\u015famlar\u0131na olumlu katk\u0131larda bulunmaya odaklanmaktad\u0131r. Kurum, Yunanistan genelinde yayg\u0131n\" \/>\n<meta property=\"og:url\" content=\"https:\/\/www.believeinyouth.eu\/index.php\/tr\/partners_tr\/\" \/>\n<meta property=\"og:site_name\" content=\"Believe in Youth\" \/>\n<meta property=\"article:modified_time\" content=\"2024-12-13T13:46:08+00:00\" \/>\n<meta property=\"og:image\" content=\"https:\/\/www.believeinyouth.eu\/wp-content\/uploads\/2024\/12\/logo_IRIPS.png\" \/>\n\t<meta property=\"og:image:width\" content=\"1996\" \/>\n\t<meta property=\"og:image:height\" content=\"440\" \/>\n\t<meta property=\"og:image:type\" content=\"image\/png\" \/>\n<meta name=\"twitter:card\" content=\"summary_large_image\" \/>\n<meta name=\"twitter:label1\" content=\"Est. reading time\" \/>\n\t<meta name=\"twitter:data1\" content=\"9 minutes\" \/>\n<script type=\"application\/ld+json\" class=\"yoast-schema-graph\">{\"@context\":\"https:\/\/schema.org\",\"@graph\":[{\"@type\":\"WebPage\",\"@id\":\"https:\/\/www.believeinyouth.eu\/index.php\/tr\/partners_tr\/\",\"url\":\"https:\/\/www.believeinyouth.eu\/index.php\/tr\/partners_tr\/\",\"name\":\"Ortak Kurumlar - Believe in Youth\",\"isPartOf\":{\"@id\":\"https:\/\/www.believeinyouth.eu\/#website\"},\"primaryImageOfPage\":{\"@id\":\"https:\/\/www.believeinyouth.eu\/index.php\/tr\/partners_tr\/#primaryimage\"},\"image\":{\"@id\":\"https:\/\/www.believeinyouth.eu\/index.php\/tr\/partners_tr\/#primaryimage\"},\"thumbnailUrl\":\"https:\/\/www.believeinyouth.eu\/wp-content\/uploads\/2024\/12\/logo_IRIPS-300x66.png\",\"datePublished\":\"2024-12-13T09:25:27+00:00\",\"dateModified\":\"2024-12-13T13:46:08+00:00\",\"breadcrumb\":{\"@id\":\"https:\/\/www.believeinyouth.eu\/index.php\/tr\/partners_tr\/#breadcrumb\"},\"inLanguage\":\"en-US\",\"potentialAction\":[{\"@type\":\"ReadAction\",\"target\":[\"https:\/\/www.believeinyouth.eu\/index.php\/tr\/partners_tr\/\"]}]},{\"@type\":\"ImageObject\",\"inLanguage\":\"en-US\",\"@id\":\"https:\/\/www.believeinyouth.eu\/index.php\/tr\/partners_tr\/#primaryimage\",\"url\":\"https:\/\/www.believeinyouth.eu\/wp-content\/uploads\/2024\/12\/logo_IRIPS.png\",\"contentUrl\":\"https:\/\/www.believeinyouth.eu\/wp-content\/uploads\/2024\/12\/logo_IRIPS.png\",\"width\":1996,\"height\":440},{\"@type\":\"BreadcrumbList\",\"@id\":\"https:\/\/www.believeinyouth.eu\/index.php\/tr\/partners_tr\/#breadcrumb\",\"itemListElement\":[{\"@type\":\"ListItem\",\"position\":1,\"name\":\"Home\",\"item\":\"https:\/\/www.believeinyouth.eu\/\"},{\"@type\":\"ListItem\",\"position\":2,\"name\":\"Ortak Kurumlar\"}]},{\"@type\":\"WebSite\",\"@id\":\"https:\/\/www.believeinyouth.eu\/#website\",\"url\":\"https:\/\/www.believeinyouth.eu\/\",\"name\":\"Believe in Youth\",\"description\":\" Travel Agency Template For Elementor\",\"publisher\":{\"@id\":\"https:\/\/www.believeinyouth.eu\/#organization\"},\"potentialAction\":[{\"@type\":\"SearchAction\",\"target\":{\"@type\":\"EntryPoint\",\"urlTemplate\":\"https:\/\/www.believeinyouth.eu\/?s={search_term_string}\"},\"query-input\":{\"@type\":\"PropertyValueSpecification\",\"valueRequired\":true,\"valueName\":\"search_term_string\"}}],\"inLanguage\":\"en-US\"},{\"@type\":\"Organization\",\"@id\":\"https:\/\/www.believeinyouth.eu\/#organization\",\"name\":\"Believe in Youth\",\"url\":\"https:\/\/www.believeinyouth.eu\/\",\"logo\":{\"@type\":\"ImageObject\",\"inLanguage\":\"en-US\",\"@id\":\"https:\/\/www.believeinyouth.eu\/#\/schema\/logo\/image\/\",\"url\":\"https:\/\/www.believeinyouth.eu\/wp-content\/uploads\/2024\/12\/logo_BIY_blanc.jpg\",\"contentUrl\":\"https:\/\/www.believeinyouth.eu\/wp-content\/uploads\/2024\/12\/logo_BIY_blanc.jpg\",\"width\":928,\"height\":460,\"caption\":\"Believe in Youth\"},\"image\":{\"@id\":\"https:\/\/www.believeinyouth.eu\/#\/schema\/logo\/image\/\"}}]}<\/script>\n<!-- \/ Yoast SEO plugin. -->","yoast_head_json":{"title":"Ortak Kurumlar - Believe in Youth","robots":{"index":"index","follow":"follow","max-snippet":"max-snippet:-1","max-image-preview":"max-image-preview:large","max-video-preview":"max-video-preview:-1"},"canonical":"https:\/\/www.believeinyouth.eu\/index.php\/tr\/partners_tr\/","og_locale":"en_US","og_type":"article","og_title":"Ortak Kurumlar - Believe in Youth","og_description":"IRIPS \u0130nsanlar\u0131 mesleki ve sosyal entegrasyon konular\u0131nda destekleyen, sivil kat\u0131l\u0131m\u0131n \u00f6nemini vurgulayan Institut Regional d&#8217;Insertion Professionnelle et Sociale kurumu geni\u015f bir yelpazede faaliyetler y\u00fcr\u00fctmektedir. Bu faaliyetler aras\u0131nda, istihdam edilebilirlik, sosyal ve k\u00fclt\u00fcrel e\u011fitim alanlar\u0131na odaklanan \u00e7e\u015fitli programlar bulunmaktad\u0131r. Ayr\u0131ca, stres y\u00f6netimi ve toplum sa\u011fl\u0131\u011f\u0131 gibi \u00f6nemli konularda bilin\u00e7lendirme \u00e7al\u0131\u015fmalar\u0131 ger\u00e7ekle\u015ftirerek toplumun genel refah\u0131na katk\u0131da bulunmaktad\u0131r. Kurum, genel anlamda \u00e7e\u015fitli konularda e\u011fitim ve kurs programlar\u0131 d\u00fczenleyerek bireylerin bilgi ve becerilerini art\u0131rmay\u0131 ama\u00e7lamaktad\u0131r. Bu kapsamda yeni geli\u015ftirilen e\u011fitim i\u00e7eriklerini pratik uygulama alan\u0131na ta\u015f\u0131yan pilot uygulamalar\u0131 \u00fczerinde de hizmet vermektedir. \u00d6\u011frencilerin dikkat eksikli\u011fi sorunlar\u0131yla ba\u015fa \u00e7\u0131kmay\u0131 hedefleyen \u00e7e\u015fitli projeleri koordine ederek akademik performanslar\u0131n\u0131 iyile\u015ftirmeye odaklanmaktad\u0131r. Kurum ayr\u0131ca \u00f6\u011fretmenlerin daha etkili ve \u00f6\u011frenci odakl\u0131 bir e\u011fitim sunmalar\u0131na olanak tan\u0131yan yenilik\u00e7i e\u011fitim ara\u00e7lar\u0131n\u0131n geli\u015ftirilmesine aktif olarak katk\u0131da bulunmaktad\u0131r. Koralia Tsagkaratou \u0130leti\u015fim alan\u0131nda akademik \u00e7al\u0131\u015fmalar\u0131 yapm\u0131\u015f, turizm ve medya sekt\u00f6rlerinde \u00e7al\u0131\u015fm\u0131\u015f, k\u00fclt\u00fcrel miras ve sosyal giri\u015fimcilik konular\u0131nda \u00e7e\u015fitli Erasmus projelerinde rol alm\u0131\u015ft\u0131r. Governorship of \u0130stanbul \u0130stanbul Valili\u011fi, 16 milyonu a\u015fan n\u00fcfusa sahip \u0130stanbul\u2019un en y\u00fcksek idari kamu otoritesi olup \u00e7e\u015fitli alanlara y\u00f6nelik birimlerde \u00e7al\u0131\u015fan 2000\u2019den fazla personel ile hizmet vermektedir. \u0130stanbul Valili\u011fi&#8217;nin ba\u015fl\u0131ca g\u00f6revleri;&#8211; \u0130stanbul\u2019un genel idaresini sa\u011flamak ve i\u015fleyi\u015ften sorumlu kurumlar\u0131 denetlemek.&#8211; \u0130ldeki e\u011fitim, sa\u011fl\u0131k, g\u00fcvenlik, \u00e7evre, bay\u0131nd\u0131rl\u0131k, k\u00fclt\u00fcr, turizm, g\u00f6\u00e7 vb. t\u00fcm faaliyetleri koordine etmek.&#8211; Merkezi y\u00f6netimden gelen y\u00f6netmelik, talimat ve gerekli d\u00fczenlemeleri uygulamak ve denetimini sa\u011flamak.&#8211; \u0130ldeki t\u00fcm kurumlar\u0131 denetleyerek \u015fehir halk\u0131n\u0131n ihtiya\u00e7lar\u0131n\u0131n kar\u015f\u0131lanmas\u0131na y\u00f6nelik \u00e7al\u0131\u015fmalar\u0131 belirlemek ve y\u00fcr\u00fctmektir.\u0130stanbul Valili\u011fi, il genelinde 39 Kaymakaml\u0131k ve 24 \u0130l M\u00fcd\u00fcrl\u00fc\u011f\u00fc ile faaliyetlerini s\u00fcrd\u00fcrmektedir.&#8220;Valilik Makam\u0131n\u0131n 03.02.2005 tarih ve 217 say\u0131l\u0131 onay\u0131 ile kurulan D\u0131\u015f \u0130li\u015fkiler ve Avrupa Birli\u011fi Koordinasyon Merkezi, Eyl\u00fcl 2015 tarihinden itibaren Avrupa Birli\u011fi ve D\u0131\u015f \u0130li\u015fkiler B\u00fcrosu olarak faaliyetlerini s\u00fcrd\u00fcrmektedir. \u0130stanbul Valili\u011fi ad\u0131na Erasmus+ projelerini ger\u00e7ekle\u015ftiren Avrupa Birli\u011fi ve D\u0131\u015f \u0130li\u015fkiler B\u00fcrosu, \u00fclkemizin Avrupa Birli\u011fi kat\u0131l\u0131m s\u00fcrecinde \u0130stanbul genelinde;\u2022 Gerekli alt yap\u0131n\u0131n olu\u015fturulmas\u0131\u2022 Kent halk\u0131n\u0131n AB vatanda\u015fl\u0131\u011f\u0131na haz\u0131rlanmas\u0131\u2022 AB \u00fcyesi \u00fclkeler i\u00e7in ba\u011flay\u0131c\u0131 nitelik ta\u015f\u0131yan m\u00fcktesebat\u0131n benimsetilmesi ve uygulanmas\u0131 konular\u0131nda i\u015f birli\u011fi, ileti\u015fim ve e\u015fg\u00fcd\u00fcm sa\u011flama amac\u0131na y\u00f6nelik \u00e7al\u0131\u015fmalar yapmaktad\u0131r.Y\u00f6netim anlay\u0131\u015f\u0131 olarak yerel y\u00f6netimler, sivil toplum kurulu\u015flar\u0131, kamu kurum ve kurulu\u015flar\u0131, \u00f6zel sekt\u00f6r ve vatanda\u015f i\u015f birli\u011fine dayal\u0131 olarak bir toplumsal d\u00f6n\u00fc\u015f\u00fcm projesi olan AB&#8217;ye kat\u0131l\u0131m s\u00fcrecinde gerekli faaliyetleri planlama ve uygulama temel ilke olarak benimsenmi\u015ftir.B\u00fcromuz taraf\u0131ndan ger\u00e7ekle\u015ftirilen projeler hakk\u0131nda bilgi almak i\u00e7in \u201cwww.abmerkez.com&#8221; web adresini ziyaret edebilirsiniz. Kadir Fatih MUTLU Avrupa Birli\u011fi ve D\u0131\u015f \u0130li\u015fkiler B\u00fcrosu Koordinat\u00f6r\u00fc olan Kadir Fatih MUTLU, E\u011fitim Y\u00f6netimi alan\u0131nda y\u00fcksek lisans derecesine sahip olup 2008 y\u0131l\u0131ndan bu yana AB taraf\u0131ndan finanse edilen projelerde g\u00f6rev alm\u0131\u015ft\u0131r. Proje Y\u00f6netim D\u00f6ng\u00fcs\u00fc alan\u0131nda \u00e7ok say\u0131da faaliyette e\u011fitici e\u011fitmeni olarak g\u00f6rev alm\u0131\u015f, 100\u2019den fazla Avrupa Birli\u011fi ve \u0130stanbul Kalk\u0131nma Ajans\u0131 projesinde ara\u015ft\u0131rma, koordinasyon ve y\u00f6netim faaliyetlerinde bulunmu\u015ftur. Ahmet Bahad\u0131r SIR\u0130\u015e Fen Bilimleri \u00d6\u011fretmeni olup ayn\u0131 alanda doktora \u00e7al\u0131\u015fmalar\u0131na devam etmektedir. Ortaokul kademelerinde \u00e7e\u015fitli devlet okullar\u0131nda \u00f6\u011fretmen olarak \u00e7al\u0131\u015ft\u0131ktan sonra 2021 y\u0131l\u0131ndan bu yana Avrupa Birli\u011fi ve D\u0131\u015f \u0130li\u015fkiler B\u00fcrosu\u2019nda Proje Uzman\u0131 olarak \u00e7al\u0131\u015fmaktad\u0131r. Ge\u00e7mi\u015fte \u00e7e\u015fitli kamu kurumlar\u0131nda ortaokul ve lise \u00f6\u011frencilerine kariyer rehberli\u011fi alan\u0131nda hizmet vermi\u015f olup, gen\u00e7lik ve mesleki e\u011fitim alan\u0131nda \u00e7ok say\u0131da Avrupa Birli\u011fi projesinde g\u00f6rev alm\u0131\u015ft\u0131r. Youth for Equality Youth for Equality (E\u015fitlik i\u00e7in Gen\u00e7lik) kurumu Slovakya&#8217;da yerel bir gen\u00e7lik giri\u015fimi olarak kurulmu\u015f olup e\u011fitim, i\u015fg\u00fcc\u00fc piyasas\u0131, \u00e7evre, ki\u015fisel geli\u015fim i\u00e7in gen\u00e7lerin sivil kat\u0131l\u0131m\u0131 ve gen\u00e7lerin i\u015f hayat\u0131na entegrasyonu gibi alanlarda yerel ve uluslararas\u0131 d\u00fczeyde \u00e7e\u015fitli faaliyetler y\u00fcr\u00fctmektedir. Gen\u00e7lerin bilgi ve becerilerini geli\u015ftirmelerine, yerel ve uluslararas\u0131 d\u00fczeyde yararl\u0131 e\u011fitim ve kariyer f\u0131rsatlar\u0131n\u0131 ke\u015ffetmelerine yard\u0131mc\u0131 olmak amac\u0131yla hizmetler sunan kurum, ayn\u0131 zamanda \u00e7e\u015fitli e\u011fitim faaliyetleri sunmakta olup b\u00fcnyesinde farkl\u0131 uzmanl\u0131klara sahip proje uzmanlar\u0131 bar\u0131nd\u0131rmaktad\u0131r. M\u00fcnazaralar, beyin f\u0131rt\u0131nalar\u0131 gibi \u00e7e\u015fitli \u00f6\u011fretim y\u00f6ntemleriyle sosyal becerilerin kazan\u0131lmas\u0131na y\u00f6nelik programlar d\u00fczenleyen kurumda motivasyon, yarat\u0131c\u0131l\u0131k, tak\u0131m \u00e7al\u0131\u015fmas\u0131, liderlik gibi alanlarda da \u00e7al\u0131\u015ftaylar d\u00fczenlenmektedir. Kurum ayn\u0131 zamanda i\u015fg\u00fcc\u00fc piyasas\u0131ndaki yeni y\u00f6nelimler, s\u00fcrd\u00fcr\u00fclebilirlik ve ye\u015fil beceriler konular\u0131nda da \u00e7al\u0131\u015fmalar y\u00fcr\u00fctmektedir. Hakan Oguz Adana \u00c7ukurova \u00dcniversitesi&#8217;nden Bilgisayar M\u00fchendisi olarak mezun olduktan sonra iki y\u0131l boyunca sa\u011fl\u0131k alan\u0131nda Erasmus+ proje koordinat\u00f6r\u00fc olarak \u00e7al\u0131\u015fm\u0131\u015ft\u0131r. Proje y\u00f6netim ve denetim faaliyetleri, proje yaz\u0131m\u0131 ve raporlamas\u0131 konusunda \u00e7e\u015fitli g\u00f6revler alm\u0131\u015f olup \u015fu anda gen\u00e7lere e\u011fitim ve giri\u015fimcilik konular\u0131nda mentorluk yapmaktad\u0131r. Ye\u015fil beceriler, giri\u015fimcilik ve sosyal i\u00e7erme konular\u0131 uzmanl\u0131k alanlar\u0131 aras\u0131ndad\u0131r. Diana Ja\u0161ekov\u00e1 Hukuk alan\u0131nda doktora derecesine sahip olup Uluslararas\u0131 Hukuk, Avrupa Hukuku, Kriminoloji ve gen\u00e7 bireylerin dahil oldu\u011fu su\u00e7lar \u00fczerine \u00e7al\u0131\u015fmalar yapm\u0131\u015ft\u0131r. Son zamanlarda proje y\u00f6netimi alan\u0131nda \u00e7al\u0131\u015fmakta olup kurum b\u00fcnyesinde istihdam, liderlik becerilerinin geli\u015ftirilmesi gibi konularda at\u00f6lye \u00e7al\u0131\u015fmalar\u0131 d\u00fczenlemektedir. INFODEF \u00d6zel, ba\u011f\u0131ms\u0131z bir ara\u015ft\u0131rma, geli\u015ftirme ve yenilik merkezi olan INFODEF&#8217;in (Instituto para la Promoci\u00f3n del Desarrollo y la Formaci\u00f3n (Geli\u015fim ve E\u011fitimi Destekleme Enstit\u00fcs\u00fc) misyonu \u201ce\u011fitim, k\u00fclt\u00fcr ve yenilik yoluyla s\u00fcrd\u00fcr\u00fclebilir, kapsay\u0131c\u0131 kalk\u0131nmaya katk\u0131da bulunacak projeler geli\u015ftirmek ve uygulamakt\u0131r\u201d. Merkez, mevcut sosyal ve ekonomik sorunlara yan\u0131t veren, toplumun gelecekteki ama\u00e7 ve hedeflerine ula\u015fmas\u0131 i\u00e7in gerekli de\u011fi\u015fiklikleri \u00f6ng\u00f6rmeye ve y\u00f6nlendirmeye olanak tan\u0131yan yenilik\u00e7i ara\u00e7lar, metodolojiler, \u00fcr\u00fcnler ve hizmetler tasarlay\u0131p geli\u015ftirmektedir. INFODEF, e\u011fitim sistemlerinin \u00e7a\u011fda\u015fla\u015ft\u0131r\u0131lmas\u0131n\u0131 ve ulusal ile Avrupa d\u00fczeyindeki kamu ve \u00f6zel e\u011fitim kurumlar\u0131n\u0131n e\u011fitsel yenili\u011fini desteklemektedir.INFODEF&#8217;in \u00f6ne \u00e7\u0131kan uzmanl\u0131k alanlar\u0131 aras\u0131nda gen\u00e7ler, g\u00f6\u00e7menler, d\u00fc\u015f\u00fck becerili yeti\u015fkinler, engelliler, yasal su\u00e7lular gibi belirli hedef gruplarla \u00e7al\u0131\u015fan profesyonellerin \u00e7abalar\u0131n\u0131 desteklemek amac\u0131yla yenilik\u00e7i metodolojilerin ve ara\u00e7lar\u0131n tasarlanmas\u0131d\u0131r. Laura Trevisan \u00c7evre Bilimcisi olarak \u0130spanya ve \u0130talya&#8217;da koruma alt\u0131ndaki alanlar\u0131n y\u00f6netiminde \u00e7al\u0131\u015ft\u0131. \u015eu anda tar\u0131msal ekosistemlerin s\u00fcrd\u00fcr\u00fclebilirli\u011finin iyile\u015ftirilmesine y\u00f6nelik dan\u0131\u015fmanl\u0131k yapmaktad\u0131r. 2017 y\u0131l\u0131ndan bu yana AB taraf\u0131ndan finanse edilen projelerde koordinasyon ve y\u00f6netim faaliyetlerinde \u00e7al\u0131\u015fmaktad\u0131r. Beatriz Burgue\u00f1o Belediyelere hizmet ve \u00fcr\u00fcn temin eden bir ofiste mimarl\u0131k, \u015fehir planlamas\u0131 ve s\u00fcrd\u00fcr\u00fclebilirlik gibi alanlarda \u00e7al\u0131\u015fmaktad\u0131r. AB taraf\u0131ndan finanse edilen projelerde grafik tasar\u0131m, sosyal medya y\u00f6netimi ve finansal raporlama konular\u0131nda rol almaktad\u0131r. IASIS IASIS kurumu, sosyal i\u00e7erme, ruh sa\u011fl\u0131\u011f\u0131 ve e\u011fitim alanlar\u0131nda faaliyet g\u00f6stermektedir. Yunanistan&#8217;da bulunan bu kurum, k\u00e2r amac\u0131 g\u00fctmemekte olup g\u00f6n\u00fcll\u00fc olarak hizmet veren sivil toplum kurulu\u015flar\u0131 aras\u0131nda \u00f6nemli bir konumda yer almaktad\u0131r. Avrupa Dayan\u0131\u015fma Te\u015fkilat\u0131 taraf\u0131ndan Gen\u00e7lik ve Hayat Boyu \u00d6\u011frenme Vakf\u0131 ve Mesleki E\u011fitim ve \u00d6\u011fretim Merkezi olarak sertifikaland\u0131r\u0131lan IASIS, toplumun her kesimine y\u00f6nelik e\u011fitim \u00e7al\u0131\u015fmalar\u0131 d\u00fczenlemekte ve s\u00fcrd\u00fcr\u00fclebilir kapsay\u0131c\u0131 kalk\u0131nmaya katk\u0131da bulunmaktad\u0131r. Kurum, 2005 y\u0131l\u0131nda kurulmu\u015f olup engeli olan bireylere psiko-sosyal destek sa\u011flama, dezavantajl\u0131 bireylere e\u011fitim hizmetleri sunma, toplumun her alan\u0131nda f\u0131rsat e\u015fitli\u011fi yaratma ve e\u011fitimde yeni bak\u0131\u015f a\u00e7\u0131lar\u0131 geli\u015ftirme amac\u0131yla faaliyet g\u00f6stermektedir. Bu hedefler do\u011frultusunda, IASIS, projeleri ve etkinlikleriyle toplumsal d\u0131\u015flanma ile m\u00fccadele ederek, bireylerin ya\u015famlar\u0131na olumlu katk\u0131larda bulunmaya odaklanmaktad\u0131r. Kurum, Yunanistan genelinde yayg\u0131n","og_url":"https:\/\/www.believeinyouth.eu\/index.php\/tr\/partners_tr\/","og_site_name":"Believe in Youth","article_modified_time":"2024-12-13T13:46:08+00:00","og_image":[{"width":1996,"height":440,"url":"https:\/\/www.believeinyouth.eu\/wp-content\/uploads\/2024\/12\/logo_IRIPS.png","type":"image\/png"}],"twitter_card":"summary_large_image","twitter_misc":{"Est. reading time":"9 minutes"},"schema":{"@context":"https:\/\/schema.org","@graph":[{"@type":"WebPage","@id":"https:\/\/www.believeinyouth.eu\/index.php\/tr\/partners_tr\/","url":"https:\/\/www.believeinyouth.eu\/index.php\/tr\/partners_tr\/","name":"Ortak Kurumlar - Believe in Youth","isPartOf":{"@id":"https:\/\/www.believeinyouth.eu\/#website"},"primaryImageOfPage":{"@id":"https:\/\/www.believeinyouth.eu\/index.php\/tr\/partners_tr\/#primaryimage"},"image":{"@id":"https:\/\/www.believeinyouth.eu\/index.php\/tr\/partners_tr\/#primaryimage"},"thumbnailUrl":"https:\/\/www.believeinyouth.eu\/wp-content\/uploads\/2024\/12\/logo_IRIPS-300x66.png","datePublished":"2024-12-13T09:25:27+00:00","dateModified":"2024-12-13T13:46:08+00:00","breadcrumb":{"@id":"https:\/\/www.believeinyouth.eu\/index.php\/tr\/partners_tr\/#breadcrumb"},"inLanguage":"en-US","potentialAction":[{"@type":"ReadAction","target":["https:\/\/www.believeinyouth.eu\/index.php\/tr\/partners_tr\/"]}]},{"@type":"ImageObject","inLanguage":"en-US","@id":"https:\/\/www.believeinyouth.eu\/index.php\/tr\/partners_tr\/#primaryimage","url":"https:\/\/www.believeinyouth.eu\/wp-content\/uploads\/2024\/12\/logo_IRIPS.png","contentUrl":"https:\/\/www.believeinyouth.eu\/wp-content\/uploads\/2024\/12\/logo_IRIPS.png","width":1996,"height":440},{"@type":"BreadcrumbList","@id":"https:\/\/www.believeinyouth.eu\/index.php\/tr\/partners_tr\/#breadcrumb","itemListElement":[{"@type":"ListItem","position":1,"name":"Home","item":"https:\/\/www.believeinyouth.eu\/"},{"@type":"ListItem","position":2,"name":"Ortak Kurumlar"}]},{"@type":"WebSite","@id":"https:\/\/www.believeinyouth.eu\/#website","url":"https:\/\/www.believeinyouth.eu\/","name":"Believe in Youth","description":" Travel Agency Template For Elementor","publisher":{"@id":"https:\/\/www.believeinyouth.eu\/#organization"},"potentialAction":[{"@type":"SearchAction","target":{"@type":"EntryPoint","urlTemplate":"https:\/\/www.believeinyouth.eu\/?s={search_term_string}"},"query-input":{"@type":"PropertyValueSpecification","valueRequired":true,"valueName":"search_term_string"}}],"inLanguage":"en-US"},{"@type":"Organization","@id":"https:\/\/www.believeinyouth.eu\/#organization","name":"Believe in Youth","url":"https:\/\/www.believeinyouth.eu\/","logo":{"@type":"ImageObject","inLanguage":"en-US","@id":"https:\/\/www.believeinyouth.eu\/#\/schema\/logo\/image\/","url":"https:\/\/www.believeinyouth.eu\/wp-content\/uploads\/2024\/12\/logo_BIY_blanc.jpg","contentUrl":"https:\/\/www.believeinyouth.eu\/wp-content\/uploads\/2024\/12\/logo_BIY_blanc.jpg","width":928,"height":460,"caption":"Believe in Youth"},"image":{"@id":"https:\/\/www.believeinyouth.eu\/#\/schema\/logo\/image\/"}}]}},"_links":{"self":[{"href":"https:\/\/www.believeinyouth.eu\/index.php\/wp-json\/wp\/v2\/pages\/1702","targetHints":{"allow":["GET"]}}],"collection":[{"href":"https:\/\/www.believeinyouth.eu\/index.php\/wp-json\/wp\/v2\/pages"}],"about":[{"href":"https:\/\/www.believeinyouth.eu\/index.php\/wp-json\/wp\/v2\/types\/page"}],"author":[{"embeddable":true,"href":"https:\/\/www.believeinyouth.eu\/index.php\/wp-json\/wp\/v2\/users\/1"}],"replies":[{"embeddable":true,"href":"https:\/\/www.believeinyouth.eu\/index.php\/wp-json\/wp\/v2\/comments?post=1702"}],"version-history":[{"count":7,"href":"https:\/\/www.believeinyouth.eu\/index.php\/wp-json\/wp\/v2\/pages\/1702\/revisions"}],"predecessor-version":[{"id":2063,"href":"https:\/\/www.believeinyouth.eu\/index.php\/wp-json\/wp\/v2\/pages\/1702\/revisions\/2063"}],"wp:attachment":[{"href":"https:\/\/www.believeinyouth.eu\/index.php\/wp-json\/wp\/v2\/media?parent=1702"}],"curies":[{"name":"wp","href":"https:\/\/api.w.org\/{rel}","templated":true}]}}